{"id":1781,"date":"2015-10-28T23:02:07","date_gmt":"2015-10-28T23:02:07","guid":{"rendered":"http:\/\/fruitsandveggies.es\/?page_id=5"},"modified":"2021-10-01T17:26:33","modified_gmt":"2021-10-01T17:26:33","slug":"homepage","status":"publish","type":"page","link":"http:\/\/fruitsandveggies.es\/","title":{"rendered":"Homepage"},"content":{"rendered":"<p><div id=\"inicio\"><div class=\"fusion-fullwidth fullwidth-box fusion-builder-row-1 hundred-percent-fullwidth non-hundred-percent-height-scrolling fusion-equal-height-columns\"  style='background-color: rgba(255,255,255,0);background-position: center center;background-repeat: no-repeat;padding-top:0px;padding-right:50px;padding-bottom:0px;padding-left:50px;margin-bottom: 0px;margin-top: 0px;'><div class=\"fusion-builder-row fusion-row \"><div  class=\"fusion-layout-column fusion_builder_column fusion_builder_column_1_1 fusion-builder-column-0 fusion-one-full fusion-column-first fusion-column-last 1_1\"  style='margin-top:15px;margin-bottom:15px;'><div class=\"fusion-column-wrapper\" style=\"padding: 0px 0px 0px 0px;background-position:left top;background-repeat:no-repeat;-webkit-background-size:cover;-moz-background-size:cover;-o-background-size:cover;background-size:cover;\"   data-bg-url=\"\"><div class=\"imageframe-align-center\"><span class=\"fusion-imageframe imageframe-none imageframe-1 hover-type-none\"><img loading=\"lazy\" src=\"http:\/\/fruitsandveggies.es\/wp-content\/uploads\/2019\/10\/titular2-1.png\" width=\"300\" height=\"72\" alt=\"fruta y verdura natural\" title=\"titular2\" class=\"img-responsive wp-image-1976\" srcset=\"http:\/\/fruitsandveggies.es\/wp-content\/uploads\/2019\/10\/titular2-1-200x48.png 200w, http:\/\/fruitsandveggies.es\/wp-content\/uploads\/2019\/10\/titular2-1.png 393w\" sizes=\"(max-width: 800px) 100vw, 300px\" \/><\/span><\/div><div class=\"fusion-clearfix\"><\/div><\/div><\/div><\/div><\/div><\/div><div class=\"fusion-fullwidth fullwidth-box fusion-builder-row-2 nonhundred-percent-fullwidth non-hundred-percent-height-scrolling\"  style='background-color: rgba(255,255,255,0);background-position: left top;background-repeat: no-repeat;padding-top:0px;padding-right:0px;padding-bottom:40px;padding-left:0px;'><div class=\"fusion-builder-row fusion-row \"><div  class=\"fusion-layout-column fusion_builder_column fusion_builder_column_1_1 fusion-builder-column-1 fusion-one-full fusion-column-first fusion-column-last 1_1\"  style='margin-top:14px;margin-bottom:0px;'><div class=\"fusion-column-wrapper\" style=\"padding: 20px 20px 20px 20px;background-position:left top;background-repeat:no-repeat;-webkit-background-size:cover;-moz-background-size:cover;-o-background-size:cover;background-size:cover;\"   data-bg-url=\"\"><div class=\"fusion-text\"><p style=\"text-align: center;\">Especializados en el sector <strong>HORECA<\/strong>, ofreciendo <strong>calidad, comodidad y agilidad.<\/strong><br \/>\nAyud\u00e1ndote a ofrecer productos elaborados, con nuestra fruta y verdura, de r\u00e1pida elaboraci\u00f3n, conservando sus propiedades y sabor.<br \/>\nSeleccionamos las mejores zonas de producci\u00f3n y respetamos el momento justo de maduraci\u00f3n, de cada fruta y verdura, para su recolecci\u00f3n.<\/p>\n<\/div><div class=\"fusion-clearfix\"><\/div><\/div><\/div><div  class=\"fusion-layout-column fusion_builder_column fusion_builder_column_1_2 fusion-builder-column-2 fusion-one-half fusion-column-first 1_2\"  style='margin-top:14px;margin-bottom:15px;width:48%; margin-right: 4%;'><div class=\"fusion-column-wrapper\" style=\"padding: 20px 20px 20px 20px;background-position:left top;background-repeat:no-repeat;-webkit-background-size:cover;-moz-background-size:cover;-o-background-size:cover;background-size:cover;\"   data-bg-url=\"\"><style type=\"text\/css\"><\/style><div class=\"fusion-title title fusion-title-1 sep-underline sep-solid fusion-title-text fusion-title-size-one\" style=\"border-bottom-color:#dbe2ea;margin-top:15px;margin-bottom:15px;\"><h1 class=\"title-heading-left\" style=\"margin:0;\">\u00bf por qu\u00e9 congelada ?<\/h1><\/div><div class=\"fusion-text\"><p>La fruta y verdura congelada, nos brinda una serie de ventajas a tener en cuenta:<\/p>\n<ul>\n<li>Disponibilidad durante<strong> todo el a\u00f1o.<\/strong><\/li>\n<li><strong>Sin fluctuaciones de precio<\/strong> a lo largo del a\u00f1o.<\/li>\n<li>Larga fecha de caducidad, de hasta <strong>24 meses sin perder sus propiedades.<\/strong><\/li>\n<li>Agilidad de uso, <strong>no hace falta lavar, pelar ni cortar.<\/strong><\/li>\n<li>Optimiza el an\u00e1lisis de escandallos <strong>eliminando mermas.<\/strong><\/li>\n<\/ul>\n<\/div><div class=\"fusion-clearfix\"><\/div><\/div><\/div><div  class=\"fusion-layout-column fusion_builder_column fusion_builder_column_1_2 fusion-builder-column-3 fusion-one-half fusion-column-last 1_2\"  style='margin-top:14px;margin-bottom:15px;width:48%'><div class=\"fusion-column-wrapper\" style=\"padding: 10px 10px 10px 10px;background-position:left top;background-repeat:no-repeat;-webkit-background-size:cover;-moz-background-size:cover;-o-background-size:cover;background-size:cover;\"   data-bg-url=\"\"><div class=\"imageframe-align-center\"><span class=\"fusion-imageframe imageframe-none imageframe-2 hover-type-none\"><img loading=\"lazy\" src=\"http:\/\/fruitsandveggies.es\/wp-content\/uploads\/2019\/10\/57239_l1.jpg\" width=\"300\" height=\"300\" alt=\"\" title=\"57239_l1\" class=\"img-responsive wp-image-1830\" srcset=\"http:\/\/fruitsandveggies.es\/wp-content\/uploads\/2019\/10\/57239_l1-200x200.jpg 200w, http:\/\/fruitsandveggies.es\/wp-content\/uploads\/2019\/10\/57239_l1-400x400.jpg 400w, http:\/\/fruitsandveggies.es\/wp-content\/uploads\/2019\/10\/57239_l1-600x600.jpg 600w, http:\/\/fruitsandveggies.es\/wp-content\/uploads\/2019\/10\/57239_l1.jpg 640w\" sizes=\"(max-width: 800px) 100vw, 300px\" \/><\/span><\/div><div class=\"fusion-clearfix\"><\/div><\/div><\/div><div  class=\"fusion-layout-column fusion_builder_column fusion_builder_column_1_2 fusion-builder-column-4 fusion-one-half fusion-column-first 1_2\"  style='margin-top:14px;margin-bottom:15px;width:48%; margin-right: 4%;'><div class=\"fusion-column-wrapper\" style=\"padding: 10px 10px 10px 10px;background-position:left top;background-repeat:no-repeat;-webkit-background-size:cover;-moz-background-size:cover;-o-background-size:cover;background-size:cover;\"   data-bg-url=\"\"><div class=\"imageframe-align-center\"><span class=\"fusion-imageframe imageframe-none imageframe-3 hover-type-none\"><img loading=\"lazy\" src=\"http:\/\/fruitsandveggies.es\/wp-content\/uploads\/2019\/10\/aguacate-dados.jpg\" width=\"300\" height=\"258\" alt=\"\" title=\"aguacate-dados\" class=\"img-responsive wp-image-1823\" srcset=\"http:\/\/fruitsandveggies.es\/wp-content\/uploads\/2019\/10\/aguacate-dados-200x172.jpg 200w, http:\/\/fruitsandveggies.es\/wp-content\/uploads\/2019\/10\/aguacate-dados-400x344.jpg 400w, http:\/\/fruitsandveggies.es\/wp-content\/uploads\/2019\/10\/aguacate-dados.jpg 546w\" sizes=\"(max-width: 800px) 100vw, 300px\" \/><\/span><\/div><div class=\"fusion-clearfix\"><\/div><\/div><\/div><div  class=\"fusion-layout-column fusion_builder_column fusion_builder_column_1_2 fusion-builder-column-5 fusion-one-half fusion-column-last 1_2\"  style='margin-top:14px;margin-bottom:15px;width:48%'><div class=\"fusion-column-wrapper\" style=\"padding: 10px 10px 10px 10px;background-position:left top;background-repeat:no-repeat;-webkit-background-size:cover;-moz-background-size:cover;-o-background-size:cover;background-size:cover;\"   data-bg-url=\"\"><style type=\"text\/css\"><\/style><div class=\"fusion-title title fusion-title-2 sep-underline sep-solid fusion-title-text fusion-title-size-one\" style=\"border-bottom-color:#dbe2ea;margin-top:15px;margin-bottom:15px;\"><h1 class=\"title-heading-left\" style=\"margin:0;\">\u00bf qu\u00e9 es IQF ?<\/h1><\/div><div class=\"fusion-text\"><p><strong>IQF<\/strong>, \u201cIndividual Quick Freezing\u201d o \u201cCongelaci\u00f3n R\u00e1pida Individual\u201d, este procedimiento de congelaci\u00f3n nos asegura que la fruta y verdura <strong>conserva todo el valor nutritivo<\/strong>, textura y sabor al del producto reci\u00e9n cosechado.<br \/>\nNo usamos qu\u00edmicos ni conservantes y pueden ser utilizadas sin descongelaci\u00f3n previa.<\/p>\n<\/div><div class=\"fusion-clearfix\"><\/div><\/div><\/div><\/div><\/div><div id=\"propiedades\"><div class=\"fusion-fullwidth fullwidth-box fusion-builder-row-3 fusion-parallax-none hundred-percent-fullwidth non-hundred-percent-height-scrolling\"  style='background-color: rgba(255,255,255,0);background-image: url(\"http:\/\/fruitsandveggies.es\/wp-content\/uploads\/2019\/10\/moras_slider.jpg\");background-position: center center;background-repeat: no-repeat;border-top-width:0px;border-bottom-width:0px;border-color:#eae9e9;border-top-style:solid;border-bottom-style:solid;-webkit-background-size:cover;-moz-background-size:cover;-o-background-size:cover;background-size:cover;'><div class=\"fusion-builder-row fusion-row \"><div  class=\"fusion-layout-column fusion_builder_column fusion_builder_column_1_1 fusion-builder-column-6 fusion-one-full fusion-column-first fusion-column-last 1_1\"  style='margin-top:0px;margin-bottom:50px;'><div class=\"fusion-column-wrapper\" style=\"padding: 0px 50px 35px 50px;background-position:left top;background-repeat:no-repeat;-webkit-background-size:cover;-moz-background-size:cover;-o-background-size:cover;background-size:cover;\"   data-bg-url=\"\"><div class=\"fusion-text\"><h2 style=\"text-align: right;\">propiedadedes<\/h2>\n<\/div><div class=\"fusion-clearfix\"><\/div><\/div><\/div><\/div><\/div><\/div><div class=\"fusion-fullwidth fullwidth-box fusion-builder-row-4 nonhundred-percent-fullwidth non-hundred-percent-height-scrolling\"  style='background-color: rgba(255,255,255,0);background-position: left top;background-repeat: no-repeat;padding-top:35px;padding-right:0px;padding-bottom:35px;padding-left:0px;border-top-width:0px;border-bottom-width:0px;border-color:#eae9e9;border-top-style:solid;border-bottom-style:solid;'><div class=\"fusion-builder-row fusion-row \"><div  class=\"fusion-layout-column fusion_builder_column fusion_builder_column_1_3 fusion-builder-column-7 fusion-one-third fusion-column-first 1_3\"  style='margin-top:0px;margin-bottom:15px;width:30.6666%; margin-right: 4%;'><div class=\"fusion-column-wrapper\" style=\"padding: 0px 10px 10px 10px;background-position:left top;background-repeat:no-repeat;-webkit-background-size:cover;-moz-background-size:cover;-o-background-size:cover;background-size:cover;\"   data-bg-url=\"\"><div class=\"fusion-column-content-centered\"><div class=\"fusion-column-content\"><div class=\"imageframe-align-center\"><span class=\"fusion-imageframe imageframe-none imageframe-4 hover-type-none\"><img loading=\"lazy\" src=\"http:\/\/fruitsandveggies.es\/wp-content\/uploads\/2019\/10\/ruibarbo-300x300.jpg\" width=\"300\" height=\"300\" alt=\"\" title=\"ruibarbo\" class=\"img-responsive wp-image-2032\" srcset=\"http:\/\/fruitsandveggies.es\/wp-content\/uploads\/2019\/10\/ruibarbo-200x200.jpg 200w, http:\/\/fruitsandveggies.es\/wp-content\/uploads\/2019\/10\/ruibarbo-400x400.jpg 400w, http:\/\/fruitsandveggies.es\/wp-content\/uploads\/2019\/10\/ruibarbo-600x600.jpg 600w, http:\/\/fruitsandveggies.es\/wp-content\/uploads\/2019\/10\/ruibarbo.jpg 800w\" sizes=\"(max-width: 800px) 100vw, 600px\" \/><\/span><\/div><\/div><\/div><div class=\"fusion-clearfix\"><\/div><\/div><\/div><div  class=\"fusion-layout-column fusion_builder_column fusion_builder_column_2_3 fusion-builder-column-8 fusion-two-third fusion-column-last 2_3\"  style='margin-top:14px;margin-bottom:15px;width:65.3333%'><div class=\"fusion-column-wrapper\" style=\"padding: 20px 20px 20px 20px;background-position:left top;background-repeat:no-repeat;-webkit-background-size:cover;-moz-background-size:cover;-o-background-size:cover;background-size:cover;\"   data-bg-url=\"\"><style type=\"text\/css\"><\/style><div class=\"fusion-title title fusion-title-3 sep-underline sep-solid fusion-title-text fusion-title-size-one\" style=\"border-bottom-color:#dbe2ea;margin-top:15px;margin-bottom:15px;\"><h1 class=\"title-heading-left\" style=\"margin:0;\">\u00bf d\u00f3nde est\u00e1 el origen ?<\/h1><\/div><div class=\"fusion-text\"><p style=\"text-align: left;\">Alrededor del mundo, buscamos las mejores cosechas, que nos aportan la mejor calidad y la madurez apropiada, para cada variedad de fruta y verdura.<\/p>\n<\/div><div class=\"fusion-clearfix\"><\/div><\/div><\/div><div  class=\"fusion-layout-column fusion_builder_column fusion_builder_column_2_3 fusion-builder-column-9 fusion-two-third fusion-column-first 2_3\"  style='margin-top:14px;margin-bottom:15px;width:65.3333%; margin-right: 4%;'><div class=\"fusion-column-wrapper\" style=\"padding: 20px 20px 20px 20px;background-position:left top;background-repeat:no-repeat;-webkit-background-size:cover;-moz-background-size:cover;-o-background-size:cover;background-size:cover;\"   data-bg-url=\"\"><style type=\"text\/css\"><\/style><div class=\"fusion-title title fusion-title-4 sep-underline sep-solid fusion-title-text fusion-title-size-one\" style=\"border-bottom-color:#dbe2ea;margin-top:15px;margin-bottom:15px;\"><h1 class=\"title-heading-left\" style=\"margin:0;\">\u00bf est\u00e1 indicada para mi establecimiento ?<\/h1><\/div><div class=\"fusion-text\"><p style=\"text-align: left;\">Nuestra fruta y verdura congelada, est\u00e1 pensada para su uso en distintos tipos de establecimientos:<\/p>\n<p style=\"text-align: left;\">\u00b7 Hoteles \u00b7<br \/>\n\u00b7 Restaurantes \u00b7<br \/>\n\u00b7 Cafeter\u00edas \u00b7<br \/>\n\u00b7 Catering \u00b7<br \/>\n\u00b7 L\u00edneas a\u00e9reas \u00b7<br \/>\n\u00b7 Obradores \u00b7<br \/>\n\u00b7 Centrales de compra \u00b7<br \/>\n\u00b7 Otros&#8230;<\/p>\n<\/div><div class=\"fusion-clearfix\"><\/div><\/div><\/div><div  class=\"fusion-layout-column fusion_builder_column fusion_builder_column_1_3 fusion-builder-column-10 fusion-one-third fusion-column-last 1_3\"  style='margin-top:75px;margin-bottom:15px;width:30.6666%'><div class=\"fusion-column-wrapper\" style=\"padding: 0px 10px 10px 10px;background-position:left top;background-repeat:no-repeat;-webkit-background-size:cover;-moz-background-size:cover;-o-background-size:cover;background-size:cover;\"   data-bg-url=\"\"><div class=\"fusion-column-content-centered\"><div class=\"fusion-column-content\"><div class=\"imageframe-align-center\"><span class=\"fusion-imageframe imageframe-none imageframe-5 hover-type-none\"><img loading=\"lazy\" src=\"http:\/\/fruitsandveggies.es\/wp-content\/uploads\/2019\/10\/arandano-rojo.jpg\" width=\"300\" height=\"298\" alt=\"\" title=\"arandano-rojo\" class=\"img-responsive wp-image-1842\" srcset=\"http:\/\/fruitsandveggies.es\/wp-content\/uploads\/2019\/10\/arandano-rojo-200x199.jpg 200w, http:\/\/fruitsandveggies.es\/wp-content\/uploads\/2019\/10\/arandano-rojo-400x397.jpg 400w, http:\/\/fruitsandveggies.es\/wp-content\/uploads\/2019\/10\/arandano-rojo-600x596.jpg 600w, http:\/\/fruitsandveggies.es\/wp-content\/uploads\/2019\/10\/arandano-rojo.jpg 615w\" sizes=\"(max-width: 800px) 100vw, 600px\" \/><\/span><\/div><\/div><\/div><div class=\"fusion-clearfix\"><\/div><\/div><\/div><div  class=\"fusion-layout-column fusion_builder_column fusion_builder_column_2_5 fusion-builder-column-11 fusion-two-fifth fusion-column-first 2_5\"  style='margin-top:75px;margin-bottom:15px;width:37.6%; margin-right: 4%;'><div class=\"fusion-column-wrapper\" style=\"padding: 0px 10px 10px 10px;background-position:left top;background-repeat:no-repeat;-webkit-background-size:cover;-moz-background-size:cover;-o-background-size:cover;background-size:cover;\"   data-bg-url=\"\"><div class=\"fusion-column-content-centered\"><div class=\"fusion-column-content\"><div class=\"imageframe-align-center\"><span class=\"fusion-imageframe imageframe-none imageframe-6 hover-type-none\"><img loading=\"lazy\" src=\"http:\/\/fruitsandveggies.es\/wp-content\/uploads\/2019\/10\/boletus.jpg\" width=\"261\" height=\"300\" alt=\"\" title=\"boletus\" class=\"img-responsive wp-image-1891\" srcset=\"http:\/\/fruitsandveggies.es\/wp-content\/uploads\/2019\/10\/boletus-200x230.jpg 200w, http:\/\/fruitsandveggies.es\/wp-content\/uploads\/2019\/10\/boletus-400x459.jpg 400w, http:\/\/fruitsandveggies.es\/wp-content\/uploads\/2019\/10\/boletus.jpg 507w\" sizes=\"(max-width: 800px) 100vw, 261px\" \/><\/span><\/div><\/div><\/div><div class=\"fusion-clearfix\"><\/div><\/div><\/div><div  class=\"fusion-layout-column fusion_builder_column fusion_builder_column_3_5 fusion-builder-column-12 fusion-three-fifth fusion-column-last 3_5\"  style='margin-top:14px;margin-bottom:15px;width:58.4%'><div class=\"fusion-column-wrapper\" style=\"padding: 20px 20px 20px 20px;background-position:left top;background-repeat:no-repeat;-webkit-background-size:cover;-moz-background-size:cover;-o-background-size:cover;background-size:cover;\"   data-bg-url=\"\"><style type=\"text\/css\"><\/style><div class=\"fusion-title title fusion-title-5 sep-underline sep-solid fusion-title-text fusion-title-size-one\" style=\"border-bottom-color:#dbe2ea;margin-top:15px;margin-bottom:15px;\"><h1 class=\"title-heading-left\" style=\"margin:0;\">\u00bf d\u00f3nde la puedo usar ?<\/h1><\/div><div class=\"fusion-text\"><p>Es id\u00f3nea para <strong>multitud de recetas<\/strong> y agiliza su uso el estar <strong>lavadas, peladas y cortadas.<\/strong> A continuaci\u00f3n te mostramos algunos ejemplos de su uso:<\/p>\n<ul>\n<li>Reposter\u00eda salada y dulce; para elaboraci\u00f3n y decoraci\u00f3n.<\/li>\n<li>Ensaladas, platos elaborados&#8230;<\/li>\n<li>Salsas y cremas.<\/li>\n<li>Helados y batidos naturales.<\/li>\n<\/ul>\n<\/div><div class=\"fusion-clearfix\"><\/div><\/div><\/div><\/div><\/div><div id=\"formatos\"><div class=\"fusion-fullwidth fullwidth-box fusion-builder-row-5 fusion-parallax-none hundred-percent-fullwidth non-hundred-percent-height-scrolling\"  style='background-color: rgba(255,255,255,0);background-image: url(\"http:\/\/fruitsandveggies.es\/wp-content\/uploads\/2019\/10\/slider.jpg\");background-position: center center;background-repeat: no-repeat;border-top-width:0px;border-bottom-width:0px;border-color:#eae9e9;border-top-style:solid;border-bottom-style:solid;-webkit-background-size:cover;-moz-background-size:cover;-o-background-size:cover;background-size:cover;'><div class=\"fusion-builder-row fusion-row \"><div  class=\"fusion-layout-column fusion_builder_column fusion_builder_column_1_1 fusion-builder-column-13 fusion-one-full fusion-column-first fusion-column-last 1_1\"  style='margin-top:0px;margin-bottom:50px;'><div class=\"fusion-column-wrapper\" style=\"padding: 0px 50px 35px 50px;background-position:left top;background-repeat:no-repeat;-webkit-background-size:cover;-moz-background-size:cover;-o-background-size:cover;background-size:cover;\"   data-bg-url=\"\"><div class=\"fusion-text\"><h2 style=\"text-align: right;\">formatos<\/h2>\n<\/div><div class=\"fusion-clearfix\"><\/div><\/div><\/div><\/div><\/div><\/div><div class=\"fusion-fullwidth fullwidth-box fusion-builder-row-6 nonhundred-percent-fullwidth non-hundred-percent-height-scrolling\"  style='background-color: rgba(255,255,255,0);background-position: left top;background-repeat: no-repeat;padding-top:35px;padding-right:0px;padding-bottom:35px;padding-left:0px;border-top-width:0px;border-bottom-width:0px;border-color:#eae9e9;border-top-style:solid;border-bottom-style:solid;'><div class=\"fusion-builder-row fusion-row \"><div  class=\"fusion-layout-column fusion_builder_column fusion_builder_column_2_5 fusion-builder-column-14 fusion-two-fifth fusion-column-first 2_5\"  style='margin-top:75px;margin-bottom:15px;width:37.6%; margin-right: 4%;'><div class=\"fusion-column-wrapper\" style=\"padding: 0px 10px 10px 10px;background-position:left top;background-repeat:no-repeat;-webkit-background-size:cover;-moz-background-size:cover;-o-background-size:cover;background-size:cover;\"   data-bg-url=\"\"><div class=\"fusion-column-content-centered\"><div class=\"fusion-column-content\"><div class=\"imageframe-align-center\"><span class=\"fusion-imageframe imageframe-none imageframe-7 hover-type-none\"><img loading=\"lazy\" src=\"http:\/\/fruitsandveggies.es\/wp-content\/uploads\/2019\/10\/coco.jpg\" width=\"300\" height=\"201\" alt=\"\" title=\"coco\" class=\"img-responsive wp-image-1892\" srcset=\"http:\/\/fruitsandveggies.es\/wp-content\/uploads\/2019\/10\/coco-200x134.jpg 200w, http:\/\/fruitsandveggies.es\/wp-content\/uploads\/2019\/10\/coco-400x268.jpg 400w, http:\/\/fruitsandveggies.es\/wp-content\/uploads\/2019\/10\/coco-600x402.jpg 600w, http:\/\/fruitsandveggies.es\/wp-content\/uploads\/2019\/10\/coco.jpg 662w\" sizes=\"(max-width: 800px) 100vw, 600px\" \/><\/span><\/div><\/div><\/div><div class=\"fusion-clearfix\"><\/div><\/div><\/div><div  class=\"fusion-layout-column fusion_builder_column fusion_builder_column_3_5 fusion-builder-column-15 fusion-three-fifth fusion-column-last 3_5\"  style='margin-top:14px;margin-bottom:15px;width:58.4%'><div class=\"fusion-column-wrapper\" style=\"padding: 20px 20px 20px 20px;background-position:left top;background-repeat:no-repeat;-webkit-background-size:cover;-moz-background-size:cover;-o-background-size:cover;background-size:cover;\"   data-bg-url=\"\"><style type=\"text\/css\"><\/style><div class=\"fusion-title title fusion-title-6 sep-underline sep-solid fusion-title-text fusion-title-size-one\" style=\"border-bottom-color:#dbe2ea;margin-top:15px;margin-bottom:15px;\"><h1 class=\"title-heading-left\" style=\"margin:0;\">\u00bf qu\u00e9 formato me interesa ?<\/h1><\/div><div class=\"fusion-text\"><ul>\n<li><strong>Caja de 3 kg<\/strong> (Bolsas de 1 Kg x 3), enfocado al hostelero con dificultades de espacio.<\/li>\n<li><strong>Caja de 10 Kg<\/strong> (Bolsas de 2,5Kg x 4), formato est\u00e1ndar.<\/li>\n<li><strong>Personalizaci\u00f3n a partir de 1 palet monoreferencia,<\/strong> tanto en formato como en combinaciones de frutas y verduras.<\/li>\n<\/ul>\n<\/div><div class=\"fusion-clearfix\"><\/div><\/div><\/div><div  class=\"fusion-layout-column fusion_builder_column fusion_builder_column_3_5 fusion-builder-column-16 fusion-three-fifth fusion-column-first 3_5\"  style='margin-top:14px;margin-bottom:15px;width:58.4%; margin-right: 4%;'><div class=\"fusion-column-wrapper\" style=\"padding: 20px 20px 20px 20px;background-position:left top;background-repeat:no-repeat;-webkit-background-size:cover;-moz-background-size:cover;-o-background-size:cover;background-size:cover;\"   data-bg-url=\"\"><style type=\"text\/css\"><\/style><div class=\"fusion-title title fusion-title-7 sep-underline sep-solid fusion-title-text fusion-title-size-one\" style=\"border-bottom-color:#dbe2ea;margin-top:15px;margin-bottom:15px;\"><h1 class=\"title-heading-left\" style=\"margin:0;\">\u00bf cu\u00e1l es el pedido m\u00ednimo ?<\/h1><\/div><div class=\"fusion-text\"><ul>\n<li>Un <strong>palet multireferencia:<\/strong>\n<ul>\n<li>156 Cajas de 3 kg (468 bolsas x 1 Kg)<\/li>\n<li>64 Cajas de 10 Kg (256 bolsas x 2,5 Kg)<\/li>\n<\/ul>\n<\/li>\n<\/ul>\n<\/div><div class=\"fusion-clearfix\"><\/div><\/div><\/div><div  class=\"fusion-layout-column fusion_builder_column fusion_builder_column_2_5 fusion-builder-column-17 fusion-two-fifth fusion-column-last 2_5\"  style='margin-top:14px;margin-bottom:15px;width:37.6%'><div class=\"fusion-column-wrapper\" style=\"padding: 0px 10px 10px 10px;background-position:left top;background-repeat:no-repeat;-webkit-background-size:cover;-moz-background-size:cover;-o-background-size:cover;background-size:cover;\"   data-bg-url=\"\"><div class=\"fusion-column-content-centered\"><div class=\"fusion-column-content\"><div class=\"imageframe-align-center\"><span class=\"fusion-imageframe imageframe-none imageframe-8 hover-type-none\"><img loading=\"lazy\" src=\"http:\/\/fruitsandveggies.es\/wp-content\/uploads\/2019\/10\/arandanos-cultivados-300x237.jpg\" width=\"300\" height=\"237\" alt=\"\" title=\"arandanos-cultivados\" class=\"img-responsive wp-image-1893\" srcset=\"http:\/\/fruitsandveggies.es\/wp-content\/uploads\/2019\/10\/arandanos-cultivados-200x158.jpg 200w, http:\/\/fruitsandveggies.es\/wp-content\/uploads\/2019\/10\/arandanos-cultivados-400x316.jpg 400w, http:\/\/fruitsandveggies.es\/wp-content\/uploads\/2019\/10\/arandanos-cultivados.jpg 533w\" sizes=\"(max-width: 800px) 100vw, 300px\" \/><\/span><\/div><\/div><\/div><div class=\"fusion-clearfix\"><\/div><\/div><\/div><\/div><\/div><div id=\"frutas\"><div class=\"fusion-fullwidth fullwidth-box fusion-builder-row-7 fusion-parallax-none hundred-percent-fullwidth non-hundred-percent-height-scrolling\"  style='background-color: rgba(255,255,255,0);background-image: url(\"http:\/\/fruitsandveggies.es\/wp-content\/uploads\/2019\/10\/manos_fruta.jpg\");background-position: center center;background-repeat: no-repeat;border-top-width:0px;border-bottom-width:0px;border-color:#eae9e9;border-top-style:solid;border-bottom-style:solid;-webkit-background-size:cover;-moz-background-size:cover;-o-background-size:cover;background-size:cover;'><div class=\"fusion-builder-row fusion-row \"><div  class=\"fusion-layout-column fusion_builder_column fusion_builder_column_1_1 fusion-builder-column-18 fusion-one-full fusion-column-first fusion-column-last 1_1\"  style='margin-top:0px;margin-bottom:50px;'><div class=\"fusion-column-wrapper\" style=\"padding: 0px 50px 35px 50px;background-position:left top;background-repeat:no-repeat;-webkit-background-size:cover;-moz-background-size:cover;-o-background-size:cover;background-size:cover;\"   data-bg-url=\"\"><div class=\"fusion-text\"><h2 style=\"text-align: right;\">frutas<\/h2>\n<\/div><div class=\"fusion-clearfix\"><\/div><\/div><\/div><\/div><\/div><\/div><div class=\"fusion-fullwidth fullwidth-box fusion-builder-row-8 nonhundred-percent-fullwidth non-hundred-percent-height-scrolling\"  style='background-color: rgba(255,255,255,0);background-position: left top;background-repeat: no-repeat;padding-top:35px;padding-right:0px;padding-bottom:0px;padding-left:0px;border-top-width:0px;border-bottom-width:0px;border-color:#eae9e9;border-top-style:solid;border-bottom-style:solid;'><div class=\"fusion-builder-row fusion-row \"><div  class=\"fusion-layout-column fusion_builder_column fusion_builder_column_1_4 fusion-builder-column-19 fusion-one-fourth fusion-column-first fusion-no-small-visibility 1_4\"  style='margin-top:15px;margin-bottom:15px;width:22%; margin-right: 4%;'><div class=\"fusion-column-wrapper\" style=\"padding: 0px 0px 0px 0px;background-position:left top;background-repeat:no-repeat;-webkit-background-size:cover;-moz-background-size:cover;-o-background-size:cover;background-size:cover;\"   data-bg-url=\"\"><div class=\"fusion-clearfix\"><\/div><\/div><\/div><div  class=\"fusion-layout-column fusion_builder_column fusion_builder_column_1_2 fusion-builder-column-20 fusion-one-half 1_2\"  style='margin-top:15px;margin-bottom:15px;width:48%; margin-right: 4%;'><div class=\"fusion-column-wrapper\" style=\"padding: 0px 0px 0px 0px;background-position:left top;background-repeat:no-repeat;-webkit-background-size:cover;-moz-background-size:cover;-o-background-size:cover;background-size:cover;\"   data-bg-url=\"\"><style type=\"text\/css\"><\/style><div class=\"fusion-title title fusion-title-8 sep-underline sep-solid fusion-title-text fusion-title-size-one\" style=\"border-bottom-color:#dbe2ea;margin-top:15px;margin-bottom:15px;\"><h1 class=\"title-heading-left\" style=\"margin:0;\"><p style=\"text-align: center;\">variedades de fruta<\/p><\/h1><\/div><div class=\"fusion-clearfix\"><\/div><\/div><\/div><div  class=\"fusion-layout-column fusion_builder_column fusion_builder_column_1_4 fusion-builder-column-21 fusion-one-fourth fusion-column-last fusion-no-small-visibility 1_4\"  style='margin-top:15px;margin-bottom:15px;width:22%'><div class=\"fusion-column-wrapper\" style=\"padding: 0px 0px 0px 0px;background-position:left top;background-repeat:no-repeat;-webkit-background-size:cover;-moz-background-size:cover;-o-background-size:cover;background-size:cover;\"   data-bg-url=\"\"><div class=\"fusion-clearfix\"><\/div><\/div><\/div><div  class=\"fusion-layout-column fusion_builder_column fusion_builder_column_1_4 fusion-builder-column-22 fusion-one-fourth fusion-column-first 1_4\"  style='margin-top:15px;margin-bottom:15px;width:22%; margin-right: 4%;'><div class=\"fusion-column-wrapper\" style=\"padding: 0px 0px 0px 0px;background-position:left top;background-repeat:no-repeat;-webkit-background-size:cover;-moz-background-size:cover;-o-background-size:cover;background-size:cover;\"   data-bg-url=\"\"><span class=\"fusion-popover popover-1\" data-animation=\"1\" data-class=\"popover-1\" data-container=\"popover-1\" data-content=\"Su aporte en \u00e1cido oleico ejerce efectos cardiovasculares beneficiosos, disminuyendo los niveles de colesterol plasm\u00e1tico. Contiene una cantidad importante de minerales y vitaminas, necesarios para el correcto funcionamiento del organismo.\" data-delay=\"50\" data-placement=\"bottom\" data-title=\"aguacate\" data-toggle=\"popover\" data-trigger=\"hover\"><style type=\"text\/css\">.popover-1 .popover-title{}.popover-1 .popover-content{}<\/style>\n<p style=\"text-align: center;\"><img loading=\"lazy\" class=\"alignnone size-medium wp-image-1895\" src=\"http:\/\/fruitsandveggies.es\/wp-content\/uploads\/2019\/10\/aguacate-300x300.jpg\" alt=\"\" width=\"300\" height=\"300\" srcset=\"http:\/\/fruitsandveggies.es\/wp-content\/uploads\/2019\/10\/aguacate-66x66.jpg 66w, http:\/\/fruitsandveggies.es\/wp-content\/uploads\/2019\/10\/aguacate-150x150.jpg 150w, http:\/\/fruitsandveggies.es\/wp-content\/uploads\/2019\/10\/aguacate-200x200.jpg 200w, http:\/\/fruitsandveggies.es\/wp-content\/uploads\/2019\/10\/aguacate-300x300.jpg 300w, http:\/\/fruitsandveggies.es\/wp-content\/uploads\/2019\/10\/aguacate-400x400.jpg 400w, http:\/\/fruitsandveggies.es\/wp-content\/uploads\/2019\/10\/aguacate.jpg 500w\" sizes=\"(max-width: 300px) 100vw, 300px\" \/><\/p>\n<\/span><div class=\"fusion-clearfix\"><\/div><\/div><\/div><div  class=\"fusion-layout-column fusion_builder_column fusion_builder_column_1_4 fusion-builder-column-23 fusion-one-fourth 1_4\"  style='margin-top:15px;margin-bottom:15px;width:22%; margin-right: 4%;'><div class=\"fusion-column-wrapper\" style=\"padding: 0px 0px 0px 0px;background-position:left top;background-repeat:no-repeat;-webkit-background-size:cover;-moz-background-size:cover;-o-background-size:cover;background-size:cover;\"   data-bg-url=\"\"><span class=\"fusion-popover popover-2\" data-animation=\"1\" data-class=\"popover-2\" data-container=\"popover-2\" data-content=\"El melocot\u00f3n aporta cantidades modestas de vitamina C y provitamina A. Sin embargo hace una buena aportaci\u00f3n de potasio, f\u00f3sforo y vitamina B.\" data-delay=\"50\" data-placement=\"bottom\" data-title=\"albaricoque\" data-toggle=\"popover\" data-trigger=\"hover\"><style type=\"text\/css\">.popover-2 .popover-title{}.popover-2 .popover-content{}<\/style>\n<p><img loading=\"lazy\" class=\"alignnone size-medium wp-image-1896 aligncenter\" src=\"http:\/\/fruitsandveggies.es\/wp-content\/uploads\/2019\/10\/albaricoque-300x300.jpg\" alt=\"\" width=\"300\" height=\"300\" srcset=\"http:\/\/fruitsandveggies.es\/wp-content\/uploads\/2019\/10\/albaricoque-66x66.jpg 66w, http:\/\/fruitsandveggies.es\/wp-content\/uploads\/2019\/10\/albaricoque-150x150.jpg 150w, http:\/\/fruitsandveggies.es\/wp-content\/uploads\/2019\/10\/albaricoque-200x200.jpg 200w, http:\/\/fruitsandveggies.es\/wp-content\/uploads\/2019\/10\/albaricoque-300x300.jpg 300w, http:\/\/fruitsandveggies.es\/wp-content\/uploads\/2019\/10\/albaricoque-400x400.jpg 400w, http:\/\/fruitsandveggies.es\/wp-content\/uploads\/2019\/10\/albaricoque.jpg 500w\" sizes=\"(max-width: 300px) 100vw, 300px\" \/><\/p>\n<\/span><div class=\"fusion-clearfix\"><\/div><\/div><\/div><div  class=\"fusion-layout-column fusion_builder_column fusion_builder_column_1_4 fusion-builder-column-24 fusion-one-fourth 1_4\"  style='margin-top:15px;margin-bottom:15px;width:22%; margin-right: 4%;'><div class=\"fusion-column-wrapper\" style=\"padding: 0px 0px 0px 0px;background-position:left top;background-repeat:no-repeat;-webkit-background-size:cover;-moz-background-size:cover;-o-background-size:cover;background-size:cover;\"   data-bg-url=\"\"><span class=\"fusion-popover popover-3\" data-animation=\"1\" data-class=\"popover-3\" data-container=\"popover-3\" data-content=\"Son un alimento rico en vitaminas A y C, y aportan muy pocas calor\u00edas, ya que contienen pocas grasas y prote\u00ednas. Son ricos en antocianos, sustancias que tienen efectos beneficiosos sobre el aparato digestivo.\" data-delay=\"50\" data-placement=\"bottom\" data-title=\"ar\u00e1ndano cultivado\" data-toggle=\"popover\" data-trigger=\"hover\"><style type=\"text\/css\">.popover-3 .popover-title{}.popover-3 .popover-content{}<\/style>\n<p><img loading=\"lazy\" class=\"alignnone size-medium wp-image-1897 aligncenter\" src=\"http:\/\/fruitsandveggies.es\/wp-content\/uploads\/2019\/10\/arandano1-300x300.jpg\" alt=\"\" width=\"300\" height=\"300\" srcset=\"http:\/\/fruitsandveggies.es\/wp-content\/uploads\/2019\/10\/arandano1-66x66.jpg 66w, http:\/\/fruitsandveggies.es\/wp-content\/uploads\/2019\/10\/arandano1-150x150.jpg 150w, http:\/\/fruitsandveggies.es\/wp-content\/uploads\/2019\/10\/arandano1-200x200.jpg 200w, http:\/\/fruitsandveggies.es\/wp-content\/uploads\/2019\/10\/arandano1-300x300.jpg 300w, http:\/\/fruitsandveggies.es\/wp-content\/uploads\/2019\/10\/arandano1-400x400.jpg 400w, http:\/\/fruitsandveggies.es\/wp-content\/uploads\/2019\/10\/arandano1.jpg 500w\" sizes=\"(max-width: 300px) 100vw, 300px\" \/><\/p>\n<\/span><div class=\"fusion-clearfix\"><\/div><\/div><\/div><div  class=\"fusion-layout-column fusion_builder_column fusion_builder_column_1_4 fusion-builder-column-25 fusion-one-fourth fusion-column-last 1_4\"  style='margin-top:15px;margin-bottom:15px;width:22%'><div class=\"fusion-column-wrapper\" style=\"padding: 0px 0px 0px 0px;background-position:left top;background-repeat:no-repeat;-webkit-background-size:cover;-moz-background-size:cover;-o-background-size:cover;background-size:cover;\"   data-bg-url=\"\"><span class=\"fusion-popover popover-4\" data-animation=\"1\" data-class=\"popover-4\" data-container=\"popover-4\" data-content=\"Con nutrientes que aportan beneficios antibi\u00f3ticos a nuestro organismo\" data-delay=\"50\" data-placement=\"bottom\" data-title=\"ar\u00e1ndano rojo\" data-toggle=\"popover\" data-trigger=\"hover\"><style type=\"text\/css\">.popover-4 .popover-title{}.popover-4 .popover-content{}<\/style>\n<p><img loading=\"lazy\" class=\"alignnone size-medium wp-image-1898 aligncenter\" src=\"http:\/\/fruitsandveggies.es\/wp-content\/uploads\/2019\/10\/arandano2-300x300.jpg\" alt=\"\" width=\"300\" height=\"300\" srcset=\"http:\/\/fruitsandveggies.es\/wp-content\/uploads\/2019\/10\/arandano2-66x66.jpg 66w, http:\/\/fruitsandveggies.es\/wp-content\/uploads\/2019\/10\/arandano2-150x150.jpg 150w, http:\/\/fruitsandveggies.es\/wp-content\/uploads\/2019\/10\/arandano2-200x200.jpg 200w, http:\/\/fruitsandveggies.es\/wp-content\/uploads\/2019\/10\/arandano2-300x300.jpg 300w, http:\/\/fruitsandveggies.es\/wp-content\/uploads\/2019\/10\/arandano2-400x400.jpg 400w, http:\/\/fruitsandveggies.es\/wp-content\/uploads\/2019\/10\/arandano2.jpg 500w\" sizes=\"(max-width: 300px) 100vw, 300px\" \/><\/p>\n<\/span><div class=\"fusion-clearfix\"><\/div><\/div><\/div><div  class=\"fusion-layout-column fusion_builder_column fusion_builder_column_1_4 fusion-builder-column-26 fusion-one-fourth fusion-column-first 1_4\"  style='margin-top:15px;margin-bottom:15px;width:22%; margin-right: 4%;'><div class=\"fusion-column-wrapper\" style=\"padding: 0px 0px 0px 0px;background-position:left top;background-repeat:no-repeat;-webkit-background-size:cover;-moz-background-size:cover;-o-background-size:cover;background-size:cover;\"   data-bg-url=\"\"><span class=\"fusion-popover popover-5\" data-animation=\"1\" data-class=\"popover-5\" data-container=\"popover-5\" data-content=\"Son un alimento rico en vitaminas A y C, y aportan muy pocas calor\u00edas, ya que contienen pocas grasas y prote\u00ednas. Son ricos en antocianos, sustancias que tienen efectos beneficiosos sobre el aparato digestivo.\" data-delay=\"50\" data-placement=\"bottom\" data-title=\"ar\u00e1ndano silvestre\" data-toggle=\"popover\" data-trigger=\"hover\"><style type=\"text\/css\">.popover-5 .popover-title{}.popover-5 .popover-content{}<\/style>\n<p style=\"text-align: center;\"><img loading=\"lazy\" class=\"alignnone size-medium wp-image-1899\" src=\"http:\/\/fruitsandveggies.es\/wp-content\/uploads\/2019\/10\/arandano3-300x300.jpg\" alt=\"\" width=\"300\" height=\"300\" srcset=\"http:\/\/fruitsandveggies.es\/wp-content\/uploads\/2019\/10\/arandano3-66x66.jpg 66w, http:\/\/fruitsandveggies.es\/wp-content\/uploads\/2019\/10\/arandano3-150x150.jpg 150w, http:\/\/fruitsandveggies.es\/wp-content\/uploads\/2019\/10\/arandano3-200x200.jpg 200w, http:\/\/fruitsandveggies.es\/wp-content\/uploads\/2019\/10\/arandano3-300x300.jpg 300w, http:\/\/fruitsandveggies.es\/wp-content\/uploads\/2019\/10\/arandano3-400x400.jpg 400w, http:\/\/fruitsandveggies.es\/wp-content\/uploads\/2019\/10\/arandano3.jpg 500w\" sizes=\"(max-width: 300px) 100vw, 300px\" \/><\/p>\n<\/span><div class=\"fusion-clearfix\"><\/div><\/div><\/div><div  class=\"fusion-layout-column fusion_builder_column fusion_builder_column_1_4 fusion-builder-column-27 fusion-one-fourth 1_4\"  style='margin-top:15px;margin-bottom:15px;width:22%; margin-right: 4%;'><div class=\"fusion-column-wrapper\" style=\"padding: 0px 0px 0px 0px;background-position:left top;background-repeat:no-repeat;-webkit-background-size:cover;-moz-background-size:cover;-o-background-size:cover;background-size:cover;\"   data-bg-url=\"\"><span class=\"fusion-popover popover-6\" data-animation=\"1\" data-class=\"popover-6\" data-container=\"popover-6\" data-content=\"El pl\u00e1tano es rico en fibra, potasio y algunas vitaminas beneficiosas para la salud.\" data-delay=\"50\" data-placement=\"bottom\" data-title=\"banana\" data-toggle=\"popover\" data-trigger=\"hover\"><style type=\"text\/css\">.popover-6 .popover-title{}.popover-6 .popover-content{}<\/style>\n<p style=\"text-align: center;\"><img loading=\"lazy\" class=\"alignnone wp-image-1900 size-medium\" src=\"http:\/\/fruitsandveggies.es\/wp-content\/uploads\/2019\/10\/banana-300x300.jpg\" alt=\"\" width=\"300\" height=\"300\" srcset=\"http:\/\/fruitsandveggies.es\/wp-content\/uploads\/2019\/10\/banana-66x66.jpg 66w, http:\/\/fruitsandveggies.es\/wp-content\/uploads\/2019\/10\/banana-150x150.jpg 150w, http:\/\/fruitsandveggies.es\/wp-content\/uploads\/2019\/10\/banana-200x200.jpg 200w, http:\/\/fruitsandveggies.es\/wp-content\/uploads\/2019\/10\/banana-300x300.jpg 300w, http:\/\/fruitsandveggies.es\/wp-content\/uploads\/2019\/10\/banana-400x400.jpg 400w, http:\/\/fruitsandveggies.es\/wp-content\/uploads\/2019\/10\/banana.jpg 500w\" sizes=\"(max-width: 300px) 100vw, 300px\" \/><\/p>\n<\/span><div class=\"fusion-clearfix\"><\/div><\/div><\/div><div  class=\"fusion-layout-column fusion_builder_column fusion_builder_column_1_4 fusion-builder-column-28 fusion-one-fourth 1_4\"  style='margin-top:15px;margin-bottom:15px;width:22%; margin-right: 4%;'><div class=\"fusion-column-wrapper\" style=\"padding: 0px 0px 0px 0px;background-position:left top;background-repeat:no-repeat;-webkit-background-size:cover;-moz-background-size:cover;-o-background-size:cover;background-size:cover;\"   data-bg-url=\"\"><span class=\"fusion-popover popover-7\" data-animation=\"1\" data-class=\"popover-7\" data-container=\"popover-7\" data-content=\"La cereza es un fruto con unas cualidades medicinales y alimenticias interesantes. Rica en vitaminas K, A y C, tambi\u00e9n nos aporta hierro, calcio y f\u00f3sforo. Tiene un bajo contenido en grasas y nada de colesterol, su valor energ\u00e9tico lo aportan en su mayor\u00eda, los hidratos de carbono.\" data-delay=\"50\" data-placement=\"bottom\" data-title=\"cereza \u00e1cida\" data-toggle=\"popover\" data-trigger=\"hover\"><style type=\"text\/css\">.popover-7 .popover-title{}.popover-7 .popover-content{}<\/style>\n<p style=\"text-align: center;\"><img loading=\"lazy\" class=\"alignnone wp-image-1901 size-medium\" src=\"http:\/\/fruitsandveggies.es\/wp-content\/uploads\/2019\/10\/cereza1-300x300.jpg\" alt=\"\" width=\"300\" height=\"300\" srcset=\"http:\/\/fruitsandveggies.es\/wp-content\/uploads\/2019\/10\/cereza1-66x66.jpg 66w, http:\/\/fruitsandveggies.es\/wp-content\/uploads\/2019\/10\/cereza1-150x150.jpg 150w, http:\/\/fruitsandveggies.es\/wp-content\/uploads\/2019\/10\/cereza1-200x200.jpg 200w, http:\/\/fruitsandveggies.es\/wp-content\/uploads\/2019\/10\/cereza1-300x300.jpg 300w, http:\/\/fruitsandveggies.es\/wp-content\/uploads\/2019\/10\/cereza1-400x400.jpg 400w, http:\/\/fruitsandveggies.es\/wp-content\/uploads\/2019\/10\/cereza1.jpg 500w\" sizes=\"(max-width: 300px) 100vw, 300px\" \/><\/p>\n<\/span><div class=\"fusion-clearfix\"><\/div><\/div><\/div><div  class=\"fusion-layout-column fusion_builder_column fusion_builder_column_1_4 fusion-builder-column-29 fusion-one-fourth fusion-column-last 1_4\"  style='margin-top:15px;margin-bottom:15px;width:22%'><div class=\"fusion-column-wrapper\" style=\"padding: 0px 0px 0px 0px;background-position:left top;background-repeat:no-repeat;-webkit-background-size:cover;-moz-background-size:cover;-o-background-size:cover;background-size:cover;\"   data-bg-url=\"\"><span class=\"fusion-popover popover-8\" data-animation=\"1\" data-class=\"popover-8\" data-container=\"popover-8\" data-content=\"La cereza es un fruto con unas cualidades medicinales y alimenticias interesantes. Rica en vitaminas K, A y C, tambi\u00e9n nos aporta hierro, calcio y f\u00f3sforo. Tiene un bajo contenido en grasas y nada de colesterol, su valor energ\u00e9tico lo aportan en su mayor\u00eda, los hidratos de carbono.\" data-delay=\"50\" data-placement=\"bottom\" data-title=\"cereza dulce\" data-toggle=\"popover\" data-trigger=\"hover\"><style type=\"text\/css\">.popover-8 .popover-title{}.popover-8 .popover-content{}<\/style>\n<p style=\"text-align: center;\"><img loading=\"lazy\" class=\"alignnone wp-image-1902 size-medium\" src=\"http:\/\/fruitsandveggies.es\/wp-content\/uploads\/2019\/10\/cereza2-300x300.jpg\" alt=\"\" width=\"300\" height=\"300\" srcset=\"http:\/\/fruitsandveggies.es\/wp-content\/uploads\/2019\/10\/cereza2-66x66.jpg 66w, http:\/\/fruitsandveggies.es\/wp-content\/uploads\/2019\/10\/cereza2-150x150.jpg 150w, http:\/\/fruitsandveggies.es\/wp-content\/uploads\/2019\/10\/cereza2-200x200.jpg 200w, http:\/\/fruitsandveggies.es\/wp-content\/uploads\/2019\/10\/cereza2-300x300.jpg 300w, http:\/\/fruitsandveggies.es\/wp-content\/uploads\/2019\/10\/cereza2-400x400.jpg 400w, http:\/\/fruitsandveggies.es\/wp-content\/uploads\/2019\/10\/cereza2.jpg 500w\" sizes=\"(max-width: 300px) 100vw, 300px\" \/><\/p>\n<\/span><div class=\"fusion-clearfix\"><\/div><\/div><\/div><div  class=\"fusion-layout-column fusion_builder_column fusion_builder_column_1_4 fusion-builder-column-30 fusion-one-fourth fusion-column-first 1_4\"  style='margin-top:15px;margin-bottom:15px;width:22%; margin-right: 4%;'><div class=\"fusion-column-wrapper\" style=\"padding: 0px 0px 0px 0px;background-position:left top;background-repeat:no-repeat;-webkit-background-size:cover;-moz-background-size:cover;-o-background-size:cover;background-size:cover;\"   data-bg-url=\"\"><span class=\"fusion-popover popover-9\" data-animation=\"1\" data-class=\"popover-9\" data-container=\"popover-9\" data-content=\"La ciruela es una fuente importante de vitaminas y otros nutrientes con efectos saludables. Gracias a su contenido en vitamina C previene varios tipos de c\u00e1ncer.\" data-delay=\"50\" data-placement=\"bottom\" data-title=\"ciruela negra\" data-toggle=\"popover\" data-trigger=\"hover\"><style type=\"text\/css\">.popover-9 .popover-title{}.popover-9 .popover-content{}<\/style>\n<p style=\"text-align: center;\"><img loading=\"lazy\" class=\"alignnone wp-image-1903 size-medium\" src=\"http:\/\/fruitsandveggies.es\/wp-content\/uploads\/2019\/10\/ciruela-300x300.jpg\" alt=\"\" width=\"300\" height=\"300\" srcset=\"http:\/\/fruitsandveggies.es\/wp-content\/uploads\/2019\/10\/ciruela-66x66.jpg 66w, http:\/\/fruitsandveggies.es\/wp-content\/uploads\/2019\/10\/ciruela-150x150.jpg 150w, http:\/\/fruitsandveggies.es\/wp-content\/uploads\/2019\/10\/ciruela-200x200.jpg 200w, http:\/\/fruitsandveggies.es\/wp-content\/uploads\/2019\/10\/ciruela-300x300.jpg 300w, http:\/\/fruitsandveggies.es\/wp-content\/uploads\/2019\/10\/ciruela-400x400.jpg 400w, http:\/\/fruitsandveggies.es\/wp-content\/uploads\/2019\/10\/ciruela.jpg 500w\" sizes=\"(max-width: 300px) 100vw, 300px\" \/><\/p>\n<\/span><div class=\"fusion-clearfix\"><\/div><\/div><\/div><div  class=\"fusion-layout-column fusion_builder_column fusion_builder_column_1_4 fusion-builder-column-31 fusion-one-fourth 1_4\"  style='margin-top:15px;margin-bottom:15px;width:22%; margin-right: 4%;'><div class=\"fusion-column-wrapper\" style=\"padding: 0px 0px 0px 0px;background-position:left top;background-repeat:no-repeat;-webkit-background-size:cover;-moz-background-size:cover;-o-background-size:cover;background-size:cover;\"   data-bg-url=\"\"><span class=\"fusion-popover popover-10\" data-animation=\"1\" data-class=\"popover-10\" data-container=\"popover-10\" data-content=\"Con propiedades bactericidas, antioxidantes, inmuno estimulantes, adem\u00e1s de su aportaci\u00f3n de vitaminas y minerales.\" data-delay=\"50\" data-placement=\"bottom\" data-title=\"coco\" data-toggle=\"popover\" data-trigger=\"hover\"><style type=\"text\/css\">.popover-10 .popover-title{}.popover-10 .popover-content{}<\/style>\n<p style=\"text-align: center;\"><img loading=\"lazy\" class=\"alignnone wp-image-2030 size-medium\" src=\"http:\/\/fruitsandveggies.es\/wp-content\/uploads\/2019\/10\/coco-1-300x300.jpg\" alt=\"\" width=\"300\" height=\"300\" srcset=\"http:\/\/fruitsandveggies.es\/wp-content\/uploads\/2019\/10\/coco-1-66x66.jpg 66w, http:\/\/fruitsandveggies.es\/wp-content\/uploads\/2019\/10\/coco-1-150x150.jpg 150w, http:\/\/fruitsandveggies.es\/wp-content\/uploads\/2019\/10\/coco-1-200x200.jpg 200w, http:\/\/fruitsandveggies.es\/wp-content\/uploads\/2019\/10\/coco-1-300x300.jpg 300w, http:\/\/fruitsandveggies.es\/wp-content\/uploads\/2019\/10\/coco-1-400x400.jpg 400w, http:\/\/fruitsandveggies.es\/wp-content\/uploads\/2019\/10\/coco-1.jpg 500w\" sizes=\"(max-width: 300px) 100vw, 300px\" \/><\/p>\n<\/span><div class=\"fusion-clearfix\"><\/div><\/div><\/div><div  class=\"fusion-layout-column fusion_builder_column fusion_builder_column_1_4 fusion-builder-column-32 fusion-one-fourth 1_4\"  style='margin-top:15px;margin-bottom:15px;width:22%; margin-right: 4%;'><div class=\"fusion-column-wrapper\" style=\"padding: 0px 0px 0px 0px;background-position:left top;background-repeat:no-repeat;-webkit-background-size:cover;-moz-background-size:cover;-o-background-size:cover;background-size:cover;\"   data-bg-url=\"\"><span class=\"fusion-popover popover-11\" data-animation=\"1\" data-class=\"popover-11\" data-container=\"popover-11\" data-content=\"Las frambuesas aportan potasio, hierro y calcio. Tienen un bajo contenido en sodio. Destaca su contenido en vitaminas B3, C y \u00e1cido f\u00f3lico, aunque tambi\u00e9n aporta vitaminas A, B1, B2 y B6.\" data-delay=\"50\" data-placement=\"bottom\" data-title=\"frambuesa\" data-toggle=\"popover\" data-trigger=\"hover\"><style type=\"text\/css\">.popover-11 .popover-title{}.popover-11 .popover-content{}<\/style>\n<p style=\"text-align: center;\"><img loading=\"lazy\" class=\"alignnone wp-image-1906 size-medium\" src=\"http:\/\/fruitsandveggies.es\/wp-content\/uploads\/2019\/10\/frambuesa-300x300.jpg\" alt=\"\" width=\"300\" height=\"300\" srcset=\"http:\/\/fruitsandveggies.es\/wp-content\/uploads\/2019\/10\/frambuesa-66x66.jpg 66w, http:\/\/fruitsandveggies.es\/wp-content\/uploads\/2019\/10\/frambuesa-150x150.jpg 150w, http:\/\/fruitsandveggies.es\/wp-content\/uploads\/2019\/10\/frambuesa-200x200.jpg 200w, http:\/\/fruitsandveggies.es\/wp-content\/uploads\/2019\/10\/frambuesa-300x300.jpg 300w, http:\/\/fruitsandveggies.es\/wp-content\/uploads\/2019\/10\/frambuesa-400x400.jpg 400w, http:\/\/fruitsandveggies.es\/wp-content\/uploads\/2019\/10\/frambuesa.jpg 500w\" sizes=\"(max-width: 300px) 100vw, 300px\" \/><\/p>\n<\/span><div class=\"fusion-clearfix\"><\/div><\/div><\/div><div  class=\"fusion-layout-column fusion_builder_column fusion_builder_column_1_4 fusion-builder-column-33 fusion-one-fourth fusion-column-last 1_4\"  style='margin-top:15px;margin-bottom:15px;width:22%'><div class=\"fusion-column-wrapper\" style=\"padding: 0px 0px 0px 0px;background-position:left top;background-repeat:no-repeat;-webkit-background-size:cover;-moz-background-size:cover;-o-background-size:cover;background-size:cover;\"   data-bg-url=\"\"><span class=\"fusion-popover popover-12\" data-animation=\"1\" data-class=\"popover-12\" data-container=\"popover-12\" data-content=\"Las fresas son muy apreciadas por su agradable aroma y efecto estimulante del apetito. Son f\u00e1cilmente digestibles y tienen un gran efecto laxante debido a su fibra, pigmentos, \u00e1cidos y enzimas. Su riqueza en minerales b\u00e1sicos le confiere la propiedad de estimular el metabolismo. Excelente fuente de vitamina C\" data-delay=\"50\" data-placement=\"bottom\" data-title=\"fresa camarosa\" data-toggle=\"popover\" data-trigger=\"hover\"><style type=\"text\/css\">.popover-12 .popover-title{}.popover-12 .popover-content{}<\/style>\n<p style=\"text-align: center;\"><img loading=\"lazy\" class=\"alignnone wp-image-1907 size-medium\" src=\"http:\/\/fruitsandveggies.es\/wp-content\/uploads\/2019\/10\/fresa-300x300.jpg\" alt=\"\" width=\"300\" height=\"300\" srcset=\"http:\/\/fruitsandveggies.es\/wp-content\/uploads\/2019\/10\/fresa-66x66.jpg 66w, http:\/\/fruitsandveggies.es\/wp-content\/uploads\/2019\/10\/fresa-150x150.jpg 150w, http:\/\/fruitsandveggies.es\/wp-content\/uploads\/2019\/10\/fresa-200x200.jpg 200w, http:\/\/fruitsandveggies.es\/wp-content\/uploads\/2019\/10\/fresa-300x300.jpg 300w, http:\/\/fruitsandveggies.es\/wp-content\/uploads\/2019\/10\/fresa-400x400.jpg 400w, http:\/\/fruitsandveggies.es\/wp-content\/uploads\/2019\/10\/fresa.jpg 500w\" sizes=\"(max-width: 300px) 100vw, 300px\" \/><\/p>\n<\/span><div class=\"fusion-clearfix\"><\/div><\/div><\/div><div  class=\"fusion-layout-column fusion_builder_column fusion_builder_column_1_4 fusion-builder-column-34 fusion-one-fourth fusion-column-first 1_4\"  style='margin-top:15px;margin-bottom:15px;width:22%; margin-right: 4%;'><div class=\"fusion-column-wrapper\" style=\"padding: 0px 0px 0px 0px;background-position:left top;background-repeat:no-repeat;-webkit-background-size:cover;-moz-background-size:cover;-o-background-size:cover;background-size:cover;\"   data-bg-url=\"\"><span class=\"fusion-popover popover-13\" data-animation=\"1\" data-class=\"popover-13\" data-container=\"popover-13\" data-content=\"Peque\u00f1a visualmente. Su textura, su sabor extremadamente dulce o su aroma \u00fanico. En su interior las vitaminas, los antioxidantes y los flavonoides har\u00e1n que nuestro coraz\u00f3n ame a esta peque\u00f1a.\" data-delay=\"50\" data-placement=\"bottom\" data-title=\"fresita del bosque\" data-toggle=\"popover\" data-trigger=\"hover\"><style type=\"text\/css\">.popover-13 .popover-title{}.popover-13 .popover-content{}<\/style>\n<p style=\"text-align: center;\"><img loading=\"lazy\" class=\"alignnone wp-image-1908 size-medium\" src=\"http:\/\/fruitsandveggies.es\/wp-content\/uploads\/2019\/10\/fresita-300x300.jpg\" alt=\"\" width=\"300\" height=\"300\" srcset=\"http:\/\/fruitsandveggies.es\/wp-content\/uploads\/2019\/10\/fresita-66x66.jpg 66w, http:\/\/fruitsandveggies.es\/wp-content\/uploads\/2019\/10\/fresita-150x150.jpg 150w, http:\/\/fruitsandveggies.es\/wp-content\/uploads\/2019\/10\/fresita-200x200.jpg 200w, http:\/\/fruitsandveggies.es\/wp-content\/uploads\/2019\/10\/fresita-300x300.jpg 300w, http:\/\/fruitsandveggies.es\/wp-content\/uploads\/2019\/10\/fresita-400x400.jpg 400w, http:\/\/fruitsandveggies.es\/wp-content\/uploads\/2019\/10\/fresita.jpg 500w\" sizes=\"(max-width: 300px) 100vw, 300px\" \/><\/p>\n<\/span><div class=\"fusion-clearfix\"><\/div><\/div><\/div><div  class=\"fusion-layout-column fusion_builder_column fusion_builder_column_1_4 fusion-builder-column-35 fusion-one-fourth 1_4\"  style='margin-top:15px;margin-bottom:15px;width:22%; margin-right: 4%;'><div class=\"fusion-column-wrapper\" style=\"padding: 0px 0px 0px 0px;background-position:left top;background-repeat:no-repeat;-webkit-background-size:cover;-moz-background-size:cover;-o-background-size:cover;background-size:cover;\"   data-bg-url=\"\"><span class=\"fusion-popover popover-14\" data-animation=\"1\" data-class=\"popover-14\" data-container=\"popover-14\" data-content=\"Multitud de propiedades reunidas en una sola mezcla\" data-delay=\"50\" data-placement=\"bottom\" data-title=\"frutos del bosque\" data-toggle=\"popover\" data-trigger=\"hover\"><style type=\"text\/css\">.popover-14 .popover-title{}.popover-14 .popover-content{}<\/style>\n<p style=\"text-align: center;\"><img loading=\"lazy\" class=\"alignnone wp-image-1909 size-medium\" src=\"http:\/\/fruitsandveggies.es\/wp-content\/uploads\/2019\/10\/frutosbosque-300x300.jpg\" alt=\"\" width=\"300\" height=\"300\" srcset=\"http:\/\/fruitsandveggies.es\/wp-content\/uploads\/2019\/10\/frutosbosque-66x66.jpg 66w, http:\/\/fruitsandveggies.es\/wp-content\/uploads\/2019\/10\/frutosbosque-150x150.jpg 150w, http:\/\/fruitsandveggies.es\/wp-content\/uploads\/2019\/10\/frutosbosque-200x200.jpg 200w, http:\/\/fruitsandveggies.es\/wp-content\/uploads\/2019\/10\/frutosbosque-300x300.jpg 300w, http:\/\/fruitsandveggies.es\/wp-content\/uploads\/2019\/10\/frutosbosque-400x400.jpg 400w, http:\/\/fruitsandveggies.es\/wp-content\/uploads\/2019\/10\/frutosbosque.jpg 500w\" sizes=\"(max-width: 300px) 100vw, 300px\" \/><\/p>\n<\/span><div class=\"fusion-clearfix\"><\/div><\/div><\/div><div  class=\"fusion-layout-column fusion_builder_column fusion_builder_column_1_4 fusion-builder-column-36 fusion-one-fourth 1_4\"  style='margin-top:15px;margin-bottom:15px;width:22%; margin-right: 4%;'><div class=\"fusion-column-wrapper\" style=\"padding: 0px 0px 0px 0px;background-position:left top;background-repeat:no-repeat;-webkit-background-size:cover;-moz-background-size:cover;-o-background-size:cover;background-size:cover;\"   data-bg-url=\"\"><span class=\"fusion-popover popover-15\" data-animation=\"1\" data-class=\"popover-15\" data-container=\"popover-15\" data-content=\"Alto contenido en vitamina C, adem\u00e1s posee minerales como el potasio, el hierro y el calcio. Abundancia en antocianos y carotenoides de acci\u00f3n antioxidante.\" data-delay=\"50\" data-placement=\"bottom\" data-title=\"grosella negra\" data-toggle=\"popover\" data-trigger=\"hover\"><style type=\"text\/css\">.popover-15 .popover-title{}.popover-15 .popover-content{}<\/style>\n<p style=\"text-align: center;\"><img loading=\"lazy\" class=\"alignnone wp-image-1910 size-medium\" src=\"http:\/\/fruitsandveggies.es\/wp-content\/uploads\/2019\/10\/grosella-300x300.jpg\" alt=\"\" width=\"300\" height=\"300\" srcset=\"http:\/\/fruitsandveggies.es\/wp-content\/uploads\/2019\/10\/grosella-66x66.jpg 66w, http:\/\/fruitsandveggies.es\/wp-content\/uploads\/2019\/10\/grosella-150x150.jpg 150w, http:\/\/fruitsandveggies.es\/wp-content\/uploads\/2019\/10\/grosella-200x200.jpg 200w, http:\/\/fruitsandveggies.es\/wp-content\/uploads\/2019\/10\/grosella-300x300.jpg 300w, http:\/\/fruitsandveggies.es\/wp-content\/uploads\/2019\/10\/grosella-400x400.jpg 400w, http:\/\/fruitsandveggies.es\/wp-content\/uploads\/2019\/10\/grosella.jpg 500w\" sizes=\"(max-width: 300px) 100vw, 300px\" \/><\/p>\n<\/span><div class=\"fusion-clearfix\"><\/div><\/div><\/div><div  class=\"fusion-layout-column fusion_builder_column fusion_builder_column_1_4 fusion-builder-column-37 fusion-one-fourth fusion-column-last 1_4\"  style='margin-top:15px;margin-bottom:15px;width:22%'><div class=\"fusion-column-wrapper\" style=\"padding: 0px 0px 0px 0px;background-position:left top;background-repeat:no-repeat;-webkit-background-size:cover;-moz-background-size:cover;-o-background-size:cover;background-size:cover;\"   data-bg-url=\"\"><span class=\"fusion-popover popover-16\" data-animation=\"1\" data-class=\"popover-16\" data-container=\"popover-16\" data-content=\"Alto contenido en vitamina C, adem\u00e1s posee minerales como el potasio, el hierro y el calcio. Abundancia en antocianos y carotenoides de acci\u00f3n antioxidante.\" data-delay=\"50\" data-placement=\"bottom\" data-title=\"grosella roja\" data-toggle=\"popover\" data-trigger=\"hover\"><style type=\"text\/css\">.popover-16 .popover-title{}.popover-16 .popover-content{}<\/style>\n<p style=\"text-align: center;\"><img loading=\"lazy\" class=\"alignnone wp-image-1911 size-medium\" src=\"http:\/\/fruitsandveggies.es\/wp-content\/uploads\/2019\/10\/grosella2-300x300.jpg\" alt=\"\" width=\"300\" height=\"300\" srcset=\"http:\/\/fruitsandveggies.es\/wp-content\/uploads\/2019\/10\/grosella2-66x66.jpg 66w, http:\/\/fruitsandveggies.es\/wp-content\/uploads\/2019\/10\/grosella2-150x150.jpg 150w, http:\/\/fruitsandveggies.es\/wp-content\/uploads\/2019\/10\/grosella2-200x200.jpg 200w, http:\/\/fruitsandveggies.es\/wp-content\/uploads\/2019\/10\/grosella2-300x300.jpg 300w, http:\/\/fruitsandveggies.es\/wp-content\/uploads\/2019\/10\/grosella2-400x400.jpg 400w, http:\/\/fruitsandveggies.es\/wp-content\/uploads\/2019\/10\/grosella2.jpg 500w\" sizes=\"(max-width: 300px) 100vw, 300px\" \/><\/p>\n<\/span><div class=\"fusion-clearfix\"><\/div><\/div><\/div><div  class=\"fusion-layout-column fusion_builder_column fusion_builder_column_1_4 fusion-builder-column-38 fusion-one-fourth fusion-column-first 1_4\"  style='margin-top:15px;margin-bottom:15px;width:22%; margin-right: 4%;'><div class=\"fusion-column-wrapper\" style=\"padding: 0px 0px 0px 0px;background-position:left top;background-repeat:no-repeat;-webkit-background-size:cover;-moz-background-size:cover;-o-background-size:cover;background-size:cover;\"   data-bg-url=\"\"><span class=\"fusion-popover popover-17\" data-animation=\"1\" data-class=\"popover-17\" data-container=\"popover-17\" data-content=\"Los nutrientes m\u00e1s importantes de los higos son los hidratos de carbono que posee: la glucosa, la fructosa y la sacarosa. Adem\u00e1s tiene un alto contenido en fibra, potasio, calcio, hierro y magnesio.\" data-delay=\"50\" data-placement=\"bottom\" data-title=\"higo\" data-toggle=\"popover\" data-trigger=\"hover\"><style type=\"text\/css\">.popover-17 .popover-title{}.popover-17 .popover-content{}<\/style>\n<p style=\"text-align: center;\"><img loading=\"lazy\" class=\"alignnone wp-image-1912 size-medium\" src=\"http:\/\/fruitsandveggies.es\/wp-content\/uploads\/2019\/10\/higo-300x300.jpg\" alt=\"\" width=\"300\" height=\"300\" srcset=\"http:\/\/fruitsandveggies.es\/wp-content\/uploads\/2019\/10\/higo-66x66.jpg 66w, http:\/\/fruitsandveggies.es\/wp-content\/uploads\/2019\/10\/higo-150x150.jpg 150w, http:\/\/fruitsandveggies.es\/wp-content\/uploads\/2019\/10\/higo-200x200.jpg 200w, http:\/\/fruitsandveggies.es\/wp-content\/uploads\/2019\/10\/higo-300x300.jpg 300w, http:\/\/fruitsandveggies.es\/wp-content\/uploads\/2019\/10\/higo-400x400.jpg 400w, http:\/\/fruitsandveggies.es\/wp-content\/uploads\/2019\/10\/higo.jpg 500w\" sizes=\"(max-width: 300px) 100vw, 300px\" \/><\/p>\n<\/span><div class=\"fusion-clearfix\"><\/div><\/div><\/div><div  class=\"fusion-layout-column fusion_builder_column fusion_builder_column_1_4 fusion-builder-column-39 fusion-one-fourth 1_4\"  style='margin-top:15px;margin-bottom:15px;width:22%; margin-right: 4%;'><div class=\"fusion-column-wrapper\" style=\"padding: 0px 0px 0px 0px;background-position:left top;background-repeat:no-repeat;-webkit-background-size:cover;-moz-background-size:cover;-o-background-size:cover;background-size:cover;\"   data-bg-url=\"\"><span class=\"fusion-popover popover-18\" data-animation=\"1\" data-class=\"popover-18\" data-container=\"popover-18\" data-content=\"Posee un alto contenido en vitamina C, fibra y minerales como el potasio, el f\u00f3sforo, el magnesio, el hierro y el calcio.\" data-delay=\"50\" data-placement=\"bottom\" data-title=\"kiwi\" data-toggle=\"popover\" data-trigger=\"hover\"><style type=\"text\/css\">.popover-18 .popover-title{}.popover-18 .popover-content{}<\/style>\n<p style=\"text-align: center;\"><img loading=\"lazy\" class=\"alignnone wp-image-1913 size-medium\" src=\"http:\/\/fruitsandveggies.es\/wp-content\/uploads\/2019\/10\/kiwi-300x300.jpg\" alt=\"\" width=\"300\" height=\"300\" srcset=\"http:\/\/fruitsandveggies.es\/wp-content\/uploads\/2019\/10\/kiwi-66x66.jpg 66w, http:\/\/fruitsandveggies.es\/wp-content\/uploads\/2019\/10\/kiwi-150x150.jpg 150w, http:\/\/fruitsandveggies.es\/wp-content\/uploads\/2019\/10\/kiwi-200x200.jpg 200w, http:\/\/fruitsandveggies.es\/wp-content\/uploads\/2019\/10\/kiwi-300x300.jpg 300w, http:\/\/fruitsandveggies.es\/wp-content\/uploads\/2019\/10\/kiwi-400x400.jpg 400w, http:\/\/fruitsandveggies.es\/wp-content\/uploads\/2019\/10\/kiwi.jpg 500w\" sizes=\"(max-width: 300px) 100vw, 300px\" \/><\/p>\n<\/span><div class=\"fusion-clearfix\"><\/div><\/div><\/div><div  class=\"fusion-layout-column fusion_builder_column fusion_builder_column_1_4 fusion-builder-column-40 fusion-one-fourth 1_4\"  style='margin-top:15px;margin-bottom:15px;width:22%; margin-right: 4%;'><div class=\"fusion-column-wrapper\" style=\"padding: 0px 0px 0px 0px;background-position:left top;background-repeat:no-repeat;-webkit-background-size:cover;-moz-background-size:cover;-o-background-size:cover;background-size:cover;\"   data-bg-url=\"\"><span class=\"fusion-popover popover-19\" data-animation=\"1\" data-class=\"popover-19\" data-container=\"popover-19\" data-content=\"Destaca su contenido en vitamina C, \u00e1cido c\u00edtrico y sustancias de acci\u00f3n astringente. \" data-delay=\"50\" data-placement=\"bottom\" data-title=\"lima\" data-toggle=\"popover\" data-trigger=\"hover\"><style type=\"text\/css\">.popover-19 .popover-title{}.popover-19 .popover-content{}<\/style>\n<p style=\"text-align: center;\"><img loading=\"lazy\" class=\"alignnone wp-image-1914 size-medium\" src=\"http:\/\/fruitsandveggies.es\/wp-content\/uploads\/2019\/10\/lima-300x300.jpg\" alt=\"\" width=\"300\" height=\"300\" srcset=\"http:\/\/fruitsandveggies.es\/wp-content\/uploads\/2019\/10\/lima-66x66.jpg 66w, http:\/\/fruitsandveggies.es\/wp-content\/uploads\/2019\/10\/lima-150x150.jpg 150w, http:\/\/fruitsandveggies.es\/wp-content\/uploads\/2019\/10\/lima-200x200.jpg 200w, http:\/\/fruitsandveggies.es\/wp-content\/uploads\/2019\/10\/lima-300x300.jpg 300w, http:\/\/fruitsandveggies.es\/wp-content\/uploads\/2019\/10\/lima-400x400.jpg 400w, http:\/\/fruitsandveggies.es\/wp-content\/uploads\/2019\/10\/lima.jpg 500w\" sizes=\"(max-width: 300px) 100vw, 300px\" \/><\/p>\n<\/span><div class=\"fusion-clearfix\"><\/div><\/div><\/div><div  class=\"fusion-layout-column fusion_builder_column fusion_builder_column_1_4 fusion-builder-column-41 fusion-one-fourth fusion-column-last 1_4\"  style='margin-top:15px;margin-bottom:15px;width:22%'><div class=\"fusion-column-wrapper\" style=\"padding: 0px 0px 0px 0px;background-position:left top;background-repeat:no-repeat;-webkit-background-size:cover;-moz-background-size:cover;-o-background-size:cover;background-size:cover;\"   data-bg-url=\"\"><span class=\"fusion-popover popover-20\" data-animation=\"1\" data-class=\"popover-20\" data-container=\"popover-20\" data-content=\"Alto contenido en vitamina C y tambi\u00e9n posee vitamina E y B, adem\u00e1s de minerales como el potasio, magnesio, f\u00f3sforo y calcio.\" data-delay=\"50\" data-placement=\"bottom\" data-title=\"lim\u00f3n\" data-toggle=\"popover\" data-trigger=\"hover\"><style type=\"text\/css\">.popover-20 .popover-title{}.popover-20 .popover-content{}<\/style>\n<p style=\"text-align: center;\"><img loading=\"lazy\" class=\"alignnone wp-image-1915 size-medium\" src=\"http:\/\/fruitsandveggies.es\/wp-content\/uploads\/2019\/10\/limon-300x300.jpg\" alt=\"\" width=\"300\" height=\"300\" srcset=\"http:\/\/fruitsandveggies.es\/wp-content\/uploads\/2019\/10\/limon-66x66.jpg 66w, http:\/\/fruitsandveggies.es\/wp-content\/uploads\/2019\/10\/limon-150x150.jpg 150w, http:\/\/fruitsandveggies.es\/wp-content\/uploads\/2019\/10\/limon-200x200.jpg 200w, http:\/\/fruitsandveggies.es\/wp-content\/uploads\/2019\/10\/limon-300x300.jpg 300w, http:\/\/fruitsandveggies.es\/wp-content\/uploads\/2019\/10\/limon-400x400.jpg 400w, http:\/\/fruitsandveggies.es\/wp-content\/uploads\/2019\/10\/limon.jpg 500w\" sizes=\"(max-width: 300px) 100vw, 300px\" \/><\/p>\n<\/span><div class=\"fusion-clearfix\"><\/div><\/div><\/div><div  class=\"fusion-layout-column fusion_builder_column fusion_builder_column_1_4 fusion-builder-column-42 fusion-one-fourth fusion-column-first 1_4\"  style='margin-top:15px;margin-bottom:15px;width:22%; margin-right: 4%;'><div class=\"fusion-column-wrapper\" style=\"padding: 0px 0px 0px 0px;background-position:left top;background-repeat:no-repeat;-webkit-background-size:cover;-moz-background-size:cover;-o-background-size:cover;background-size:cover;\"   data-bg-url=\"\"><span class=\"fusion-popover popover-21\" data-animation=\"1\" data-class=\"popover-21\" data-container=\"popover-21\" data-content=\"Excelente fuente de az\u00facar, prote\u00ednas, fibra, vitaminas B1, B2 y C, calcio, potasio, f\u00f3sforo y magnesio.\" data-delay=\"50\" data-placement=\"bottom\" data-title=\"lychee\" data-toggle=\"popover\" data-trigger=\"hover\"><style type=\"text\/css\">.popover-21 .popover-title{}.popover-21 .popover-content{}<\/style>\n<p style=\"text-align: center;\"><img loading=\"lazy\" class=\"alignnone wp-image-1916 size-medium\" src=\"http:\/\/fruitsandveggies.es\/wp-content\/uploads\/2019\/10\/lyche-300x300.jpg\" alt=\"\" width=\"300\" height=\"300\" srcset=\"http:\/\/fruitsandveggies.es\/wp-content\/uploads\/2019\/10\/lyche-66x66.jpg 66w, http:\/\/fruitsandveggies.es\/wp-content\/uploads\/2019\/10\/lyche-150x150.jpg 150w, http:\/\/fruitsandveggies.es\/wp-content\/uploads\/2019\/10\/lyche-200x200.jpg 200w, http:\/\/fruitsandveggies.es\/wp-content\/uploads\/2019\/10\/lyche-300x300.jpg 300w, http:\/\/fruitsandveggies.es\/wp-content\/uploads\/2019\/10\/lyche-400x400.jpg 400w, http:\/\/fruitsandveggies.es\/wp-content\/uploads\/2019\/10\/lyche.jpg 500w\" sizes=\"(max-width: 300px) 100vw, 300px\" \/><\/p>\n<\/span><div class=\"fusion-clearfix\"><\/div><\/div><\/div><div  class=\"fusion-layout-column fusion_builder_column fusion_builder_column_1_4 fusion-builder-column-43 fusion-one-fourth 1_4\"  style='margin-top:15px;margin-bottom:15px;width:22%; margin-right: 4%;'><div class=\"fusion-column-wrapper\" style=\"padding: 0px 0px 0px 0px;background-position:left top;background-repeat:no-repeat;-webkit-background-size:cover;-moz-background-size:cover;-o-background-size:cover;background-size:cover;\"   data-bg-url=\"\"><span class=\"fusion-popover popover-22\" data-animation=\"1\" data-class=\"popover-22\" data-container=\"popover-22\" data-content=\"Fuente de flavonoides, taninos, pectina y vitamina P que les confieren propiedades astringentes, antis\u00e9pticas, antiinflamatorias, antibacterianas, cardioprotectoras, antioxidantes y ...\" data-delay=\"50\" data-placement=\"bottom\" data-title=\"madro\u00f1o\" data-toggle=\"popover\" data-trigger=\"hover\"><style type=\"text\/css\">.popover-22 .popover-title{}.popover-22 .popover-content{}<\/style>\n<p style=\"text-align: center;\"><img loading=\"lazy\" class=\"alignnone wp-image-1917 size-medium\" src=\"http:\/\/fruitsandveggies.es\/wp-content\/uploads\/2019\/10\/madro\u00f1o-300x300.jpg\" alt=\"\" width=\"300\" height=\"300\" srcset=\"http:\/\/fruitsandveggies.es\/wp-content\/uploads\/2019\/10\/madro\u00f1o-66x66.jpg 66w, http:\/\/fruitsandveggies.es\/wp-content\/uploads\/2019\/10\/madro\u00f1o-150x150.jpg 150w, http:\/\/fruitsandveggies.es\/wp-content\/uploads\/2019\/10\/madro\u00f1o-200x200.jpg 200w, http:\/\/fruitsandveggies.es\/wp-content\/uploads\/2019\/10\/madro\u00f1o-300x300.jpg 300w, http:\/\/fruitsandveggies.es\/wp-content\/uploads\/2019\/10\/madro\u00f1o-400x400.jpg 400w, http:\/\/fruitsandveggies.es\/wp-content\/uploads\/2019\/10\/madro\u00f1o.jpg 500w\" sizes=\"(max-width: 300px) 100vw, 300px\" \/><\/p>\n<\/span><div class=\"fusion-clearfix\"><\/div><\/div><\/div><div  class=\"fusion-layout-column fusion_builder_column fusion_builder_column_1_4 fusion-builder-column-44 fusion-one-fourth 1_4\"  style='margin-top:15px;margin-bottom:15px;width:22%; margin-right: 4%;'><div class=\"fusion-column-wrapper\" style=\"padding: 0px 0px 0px 0px;background-position:left top;background-repeat:no-repeat;-webkit-background-size:cover;-moz-background-size:cover;-o-background-size:cover;background-size:cover;\"   data-bg-url=\"\"><span class=\"fusion-popover popover-23\" data-animation=\"1\" data-class=\"popover-23\" data-container=\"popover-23\" data-content=\"Vitamina C y peque\u00f1as dosis de B1, B2 y B6. Rico en potasio.\" data-delay=\"50\" data-placement=\"bottom\" data-title=\"mandarina\" data-toggle=\"popover\" data-trigger=\"hover\"><style type=\"text\/css\">.popover-23 .popover-title{}.popover-23 .popover-content{}<\/style>\n<p style=\"text-align: center;\"><img loading=\"lazy\" class=\"alignnone wp-image-1918 size-medium\" src=\"http:\/\/fruitsandveggies.es\/wp-content\/uploads\/2019\/10\/mandarina-300x300.jpg\" alt=\"\" width=\"300\" height=\"300\" srcset=\"http:\/\/fruitsandveggies.es\/wp-content\/uploads\/2019\/10\/mandarina-66x66.jpg 66w, http:\/\/fruitsandveggies.es\/wp-content\/uploads\/2019\/10\/mandarina-150x150.jpg 150w, http:\/\/fruitsandveggies.es\/wp-content\/uploads\/2019\/10\/mandarina-200x200.jpg 200w, http:\/\/fruitsandveggies.es\/wp-content\/uploads\/2019\/10\/mandarina-300x300.jpg 300w, http:\/\/fruitsandveggies.es\/wp-content\/uploads\/2019\/10\/mandarina-400x400.jpg 400w, http:\/\/fruitsandveggies.es\/wp-content\/uploads\/2019\/10\/mandarina.jpg 500w\" sizes=\"(max-width: 300px) 100vw, 300px\" \/><\/p>\n<\/span><div class=\"fusion-clearfix\"><\/div><\/div><\/div><div  class=\"fusion-layout-column fusion_builder_column fusion_builder_column_1_4 fusion-builder-column-45 fusion-one-fourth fusion-column-last 1_4\"  style='margin-top:15px;margin-bottom:15px;width:22%'><div class=\"fusion-column-wrapper\" style=\"padding: 0px 0px 0px 0px;background-position:left top;background-repeat:no-repeat;-webkit-background-size:cover;-moz-background-size:cover;-o-background-size:cover;background-size:cover;\"   data-bg-url=\"\"><span class=\"fusion-popover popover-24\" data-animation=\"1\" data-class=\"popover-24\" data-container=\"popover-24\" data-content=\"Laxantes y altamente nutritivos. Tambi\u00e9n son una importante fuente de vitamina A y algo menor de B y C.\" data-delay=\"50\" data-placement=\"bottom\" data-title=\"mango\" data-toggle=\"popover\" data-trigger=\"hover\"><style type=\"text\/css\">.popover-24 .popover-title{}.popover-24 .popover-content{}<\/style>\n<p style=\"text-align: center;\"><img loading=\"lazy\" class=\"alignnone wp-image-1919 size-medium\" src=\"http:\/\/fruitsandveggies.es\/wp-content\/uploads\/2019\/10\/mango-1-300x300.jpg\" alt=\"\" width=\"300\" height=\"300\" srcset=\"http:\/\/fruitsandveggies.es\/wp-content\/uploads\/2019\/10\/mango-1-66x66.jpg 66w, http:\/\/fruitsandveggies.es\/wp-content\/uploads\/2019\/10\/mango-1-150x150.jpg 150w, http:\/\/fruitsandveggies.es\/wp-content\/uploads\/2019\/10\/mango-1-200x200.jpg 200w, http:\/\/fruitsandveggies.es\/wp-content\/uploads\/2019\/10\/mango-1-300x300.jpg 300w, http:\/\/fruitsandveggies.es\/wp-content\/uploads\/2019\/10\/mango-1-400x400.jpg 400w, http:\/\/fruitsandveggies.es\/wp-content\/uploads\/2019\/10\/mango-1.jpg 500w\" sizes=\"(max-width: 300px) 100vw, 300px\" \/><\/p>\n<\/span><div class=\"fusion-clearfix\"><\/div><\/div><\/div><div  class=\"fusion-layout-column fusion_builder_column fusion_builder_column_1_4 fusion-builder-column-46 fusion-one-fourth fusion-column-first 1_4\"  style='margin-top:15px;margin-bottom:15px;width:22%; margin-right: 4%;'><div class=\"fusion-column-wrapper\" style=\"padding: 0px 0px 0px 0px;background-position:left top;background-repeat:no-repeat;-webkit-background-size:cover;-moz-background-size:cover;-o-background-size:cover;background-size:cover;\"   data-bg-url=\"\"><span class=\"fusion-popover popover-25\" data-animation=\"1\" data-class=\"popover-25\" data-container=\"popover-25\" data-content=\"Los principales componentes de las manzanas son: la pectina, amino\u00e1cidos como la cisteina, glicina o la arginina, \u00e1cidos como el glutam\u00ednico, el m\u00e1lico o el oleico, az\u00facares, fibra y minerales como calcio, hierro, magnesio, nitr\u00f3geno, f\u00f3sforo y potasio.\" data-delay=\"50\" data-placement=\"bottom\" data-title=\"manzana\" data-toggle=\"popover\" data-trigger=\"hover\"><style type=\"text\/css\">.popover-25 .popover-title{}.popover-25 .popover-content{}<\/style>\n<p style=\"text-align: center;\"><img loading=\"lazy\" class=\"alignnone wp-image-1920 size-medium\" src=\"http:\/\/fruitsandveggies.es\/wp-content\/uploads\/2019\/10\/manzana-300x300.jpg\" alt=\"\" width=\"300\" height=\"300\" srcset=\"http:\/\/fruitsandveggies.es\/wp-content\/uploads\/2019\/10\/manzana-66x66.jpg 66w, http:\/\/fruitsandveggies.es\/wp-content\/uploads\/2019\/10\/manzana-150x150.jpg 150w, http:\/\/fruitsandveggies.es\/wp-content\/uploads\/2019\/10\/manzana-200x200.jpg 200w, http:\/\/fruitsandveggies.es\/wp-content\/uploads\/2019\/10\/manzana-300x300.jpg 300w, http:\/\/fruitsandveggies.es\/wp-content\/uploads\/2019\/10\/manzana-400x400.jpg 400w, http:\/\/fruitsandveggies.es\/wp-content\/uploads\/2019\/10\/manzana.jpg 500w\" sizes=\"(max-width: 300px) 100vw, 300px\" \/><\/p>\n<\/span><div class=\"fusion-clearfix\"><\/div><\/div><\/div><div  class=\"fusion-layout-column fusion_builder_column fusion_builder_column_1_4 fusion-builder-column-47 fusion-one-fourth 1_4\"  style='margin-top:15px;margin-bottom:15px;width:22%; margin-right: 4%;'><div class=\"fusion-column-wrapper\" style=\"padding: 0px 0px 0px 0px;background-position:left top;background-repeat:no-repeat;-webkit-background-size:cover;-moz-background-size:cover;-o-background-size:cover;background-size:cover;\"   data-bg-url=\"\"><span class=\"fusion-popover popover-26\" data-animation=\"1\" data-class=\"popover-26\" data-container=\"popover-26\" data-content=\"Poseen vitamina A, B y C, minerales como el potasio, f\u00f3sforo, magnesio, calcio y yodo, gran cantidad de fibra y agua.\" data-delay=\"50\" data-placement=\"bottom\" data-title=\"melocot\u00f3n\" data-toggle=\"popover\" data-trigger=\"hover\"><style type=\"text\/css\">.popover-26 .popover-title{}.popover-26 .popover-content{}<\/style>\n<p style=\"text-align: center;\"><img loading=\"lazy\" class=\"alignnone wp-image-1921 size-medium\" src=\"http:\/\/fruitsandveggies.es\/wp-content\/uploads\/2019\/10\/melocoton-300x300.jpg\" alt=\"\" width=\"300\" height=\"300\" srcset=\"http:\/\/fruitsandveggies.es\/wp-content\/uploads\/2019\/10\/melocoton-66x66.jpg 66w, http:\/\/fruitsandveggies.es\/wp-content\/uploads\/2019\/10\/melocoton-150x150.jpg 150w, http:\/\/fruitsandveggies.es\/wp-content\/uploads\/2019\/10\/melocoton-200x200.jpg 200w, http:\/\/fruitsandveggies.es\/wp-content\/uploads\/2019\/10\/melocoton-300x300.jpg 300w, http:\/\/fruitsandveggies.es\/wp-content\/uploads\/2019\/10\/melocoton-400x400.jpg 400w, http:\/\/fruitsandveggies.es\/wp-content\/uploads\/2019\/10\/melocoton.jpg 500w\" sizes=\"(max-width: 300px) 100vw, 300px\" \/><\/p>\n<\/span><div class=\"fusion-clearfix\"><\/div><\/div><\/div><div  class=\"fusion-layout-column fusion_builder_column fusion_builder_column_1_4 fusion-builder-column-48 fusion-one-fourth 1_4\"  style='margin-top:15px;margin-bottom:15px;width:22%; margin-right: 4%;'><div class=\"fusion-column-wrapper\" style=\"padding: 0px 0px 0px 0px;background-position:left top;background-repeat:no-repeat;-webkit-background-size:cover;-moz-background-size:cover;-o-background-size:cover;background-size:cover;\"   data-bg-url=\"\"><span class=\"fusion-popover popover-27\" data-animation=\"1\" data-class=\"popover-27\" data-container=\"popover-27\" data-content=\"Es la fruta con mayor contenido en vitamina A y niacina, adem\u00e1s de \u00e1cido f\u00f3lico, vitamina C o \u00e1cido asc\u00f3rbico y vitamina E. Contiene tambi\u00e9n minerales como potasio, sodio, magnesio y calcio. El 92% es agua, lo que le hace ser una fruta muy diur\u00e9tica con propiedades antioxidantes e hidratantes.\" data-delay=\"50\" data-placement=\"bottom\" data-title=\"mel\u00f3n naranja\" data-toggle=\"popover\" data-trigger=\"hover\"><style type=\"text\/css\">.popover-27 .popover-title{}.popover-27 .popover-content{}<\/style>\n<p style=\"text-align: center;\"><img loading=\"lazy\" class=\"alignnone wp-image-1922 size-medium\" src=\"http:\/\/fruitsandveggies.es\/wp-content\/uploads\/2019\/10\/melon-300x300.jpg\" alt=\"\" width=\"300\" height=\"300\" srcset=\"http:\/\/fruitsandveggies.es\/wp-content\/uploads\/2019\/10\/melon-66x66.jpg 66w, http:\/\/fruitsandveggies.es\/wp-content\/uploads\/2019\/10\/melon-150x150.jpg 150w, http:\/\/fruitsandveggies.es\/wp-content\/uploads\/2019\/10\/melon-200x200.jpg 200w, http:\/\/fruitsandveggies.es\/wp-content\/uploads\/2019\/10\/melon-300x300.jpg 300w, http:\/\/fruitsandveggies.es\/wp-content\/uploads\/2019\/10\/melon-400x400.jpg 400w, http:\/\/fruitsandveggies.es\/wp-content\/uploads\/2019\/10\/melon.jpg 500w\" sizes=\"(max-width: 300px) 100vw, 300px\" \/><\/p>\n<\/span><div class=\"fusion-clearfix\"><\/div><\/div><\/div><div  class=\"fusion-layout-column fusion_builder_column fusion_builder_column_1_4 fusion-builder-column-49 fusion-one-fourth fusion-column-last 1_4\"  style='margin-top:15px;margin-bottom:15px;width:22%'><div class=\"fusion-column-wrapper\" style=\"padding: 0px 0px 0px 0px;background-position:left top;background-repeat:no-repeat;-webkit-background-size:cover;-moz-background-size:cover;-o-background-size:cover;background-size:cover;\"   data-bg-url=\"\"><span class=\"fusion-popover popover-28\" data-animation=\"1\" data-class=\"popover-28\" data-container=\"popover-28\" data-content=\"Alto valor nutritivo en lo que a salud se refiere ya que es rico en vitaminas, prote\u00ednas y minerales, las cuales son de alta necesidad para el consumo humano.\" data-delay=\"50\" data-placement=\"bottom\" data-title=\"mel\u00f3n verde\" data-toggle=\"popover\" data-trigger=\"hover\"><style type=\"text\/css\">.popover-28 .popover-title{}.popover-28 .popover-content{}<\/style>\n<p style=\"text-align: center;\"><img loading=\"lazy\" class=\"alignnone wp-image-1923 size-medium\" src=\"http:\/\/fruitsandveggies.es\/wp-content\/uploads\/2019\/10\/melon2-300x300.jpg\" alt=\"\" width=\"300\" height=\"300\" srcset=\"http:\/\/fruitsandveggies.es\/wp-content\/uploads\/2019\/10\/melon2-66x66.jpg 66w, http:\/\/fruitsandveggies.es\/wp-content\/uploads\/2019\/10\/melon2-150x150.jpg 150w, http:\/\/fruitsandveggies.es\/wp-content\/uploads\/2019\/10\/melon2-200x200.jpg 200w, http:\/\/fruitsandveggies.es\/wp-content\/uploads\/2019\/10\/melon2-300x300.jpg 300w, http:\/\/fruitsandveggies.es\/wp-content\/uploads\/2019\/10\/melon2-400x400.jpg 400w, http:\/\/fruitsandveggies.es\/wp-content\/uploads\/2019\/10\/melon2.jpg 500w\" sizes=\"(max-width: 300px) 100vw, 300px\" \/><\/p>\n<\/span><div class=\"fusion-clearfix\"><\/div><\/div><\/div><div  class=\"fusion-layout-column fusion_builder_column fusion_builder_column_1_4 fusion-builder-column-50 fusion-one-fourth fusion-column-first 1_4\"  style='margin-top:15px;margin-bottom:15px;width:22%; margin-right: 4%;'><div class=\"fusion-column-wrapper\" style=\"padding: 0px 0px 0px 0px;background-position:left top;background-repeat:no-repeat;-webkit-background-size:cover;-moz-background-size:cover;-o-background-size:cover;background-size:cover;\"   data-bg-url=\"\"><span class=\"fusion-popover popover-29\" data-animation=\"1\" data-class=\"popover-29\" data-container=\"popover-29\" data-content=\"Aporta mucha fibra y pocas calor\u00edas, al ser pobre en prote\u00ednas y grasas. Es destacable su riqueza en vitaminas, sobre todo A y C, y su alto contenido en potasio, lo que la hace diur\u00e9tica. Tambi\u00e9n aporta diversas sustancias que tienen efectos anticancer\u00edgenos.\" data-delay=\"50\" data-placement=\"bottom\" data-title=\"mora cultivada\" data-toggle=\"popover\" data-trigger=\"hover\"><style type=\"text\/css\">.popover-29 .popover-title{}.popover-29 .popover-content{}<\/style>\n<p style=\"text-align: center;\"><img loading=\"lazy\" class=\"alignnone wp-image-1924 size-medium\" src=\"http:\/\/fruitsandveggies.es\/wp-content\/uploads\/2019\/10\/mora-300x300.jpg\" alt=\"\" width=\"300\" height=\"300\" srcset=\"http:\/\/fruitsandveggies.es\/wp-content\/uploads\/2019\/10\/mora-66x66.jpg 66w, http:\/\/fruitsandveggies.es\/wp-content\/uploads\/2019\/10\/mora-150x150.jpg 150w, http:\/\/fruitsandveggies.es\/wp-content\/uploads\/2019\/10\/mora-200x200.jpg 200w, http:\/\/fruitsandveggies.es\/wp-content\/uploads\/2019\/10\/mora-300x300.jpg 300w, http:\/\/fruitsandveggies.es\/wp-content\/uploads\/2019\/10\/mora-400x400.jpg 400w, http:\/\/fruitsandveggies.es\/wp-content\/uploads\/2019\/10\/mora.jpg 500w\" sizes=\"(max-width: 300px) 100vw, 300px\" \/><\/p>\n<\/span><div class=\"fusion-clearfix\"><\/div><\/div><\/div><div  class=\"fusion-layout-column fusion_builder_column fusion_builder_column_1_4 fusion-builder-column-51 fusion-one-fourth 1_4\"  style='margin-top:15px;margin-bottom:15px;width:22%; margin-right: 4%;'><div class=\"fusion-column-wrapper\" style=\"padding: 0px 0px 0px 0px;background-position:left top;background-repeat:no-repeat;-webkit-background-size:cover;-moz-background-size:cover;-o-background-size:cover;background-size:cover;\"   data-bg-url=\"\"><span class=\"fusion-popover popover-30\" data-animation=\"1\" data-class=\"popover-30\" data-container=\"popover-30\" data-content=\"Aporta mucha fibra y pocas calor\u00edas, al ser pobre en prote\u00ednas y grasas. Es destacable su riqueza en vitaminas, sobre todo A y C, y su alto contenido en potasio, lo que la hace diur\u00e9tica. Tambi\u00e9n aporta diversas sustancias que tienen efectos anticancer\u00edgenos.\" data-delay=\"50\" data-placement=\"bottom\" data-title=\"mora silvestre\" data-toggle=\"popover\" data-trigger=\"hover\"><style type=\"text\/css\">.popover-30 .popover-title{}.popover-30 .popover-content{}<\/style>\n<p style=\"text-align: center;\"><img loading=\"lazy\" class=\"alignnone wp-image-1925 size-medium\" src=\"http:\/\/fruitsandveggies.es\/wp-content\/uploads\/2019\/10\/mora2-300x300.jpg\" alt=\"\" width=\"300\" height=\"300\" srcset=\"http:\/\/fruitsandveggies.es\/wp-content\/uploads\/2019\/10\/mora2-66x66.jpg 66w, http:\/\/fruitsandveggies.es\/wp-content\/uploads\/2019\/10\/mora2-150x150.jpg 150w, http:\/\/fruitsandveggies.es\/wp-content\/uploads\/2019\/10\/mora2-200x200.jpg 200w, http:\/\/fruitsandveggies.es\/wp-content\/uploads\/2019\/10\/mora2-300x300.jpg 300w, http:\/\/fruitsandveggies.es\/wp-content\/uploads\/2019\/10\/mora2-400x400.jpg 400w, http:\/\/fruitsandveggies.es\/wp-content\/uploads\/2019\/10\/mora2.jpg 500w\" sizes=\"(max-width: 300px) 100vw, 300px\" \/><\/p>\n<\/span><div class=\"fusion-clearfix\"><\/div><\/div><\/div><div  class=\"fusion-layout-column fusion_builder_column fusion_builder_column_1_4 fusion-builder-column-52 fusion-one-fourth 1_4\"  style='margin-top:15px;margin-bottom:15px;width:22%; margin-right: 4%;'><div class=\"fusion-column-wrapper\" style=\"padding: 0px 0px 0px 0px;background-position:left top;background-repeat:no-repeat;-webkit-background-size:cover;-moz-background-size:cover;-o-background-size:cover;background-size:cover;\"   data-bg-url=\"\"><span class=\"fusion-popover popover-31\" data-animation=\"1\" data-class=\"popover-31\" data-container=\"popover-31\" data-content=\"Bajas en calor\u00edas y fuente de fibra, potasio, vitamina C y folato. Ayudan a prevenir el c\u00e1ncer y las enfermedades cardiovasculares.\" data-delay=\"50\" data-placement=\"bottom\" data-title=\"naranja\" data-toggle=\"popover\" data-trigger=\"hover\"><style type=\"text\/css\">.popover-31 .popover-title{}.popover-31 .popover-content{}<\/style>\n<p style=\"text-align: center;\"><img loading=\"lazy\" class=\"alignnone wp-image-1926 size-medium\" src=\"http:\/\/fruitsandveggies.es\/wp-content\/uploads\/2019\/10\/naranja-300x300.jpg\" alt=\"\" width=\"300\" height=\"300\" srcset=\"http:\/\/fruitsandveggies.es\/wp-content\/uploads\/2019\/10\/naranja-66x66.jpg 66w, http:\/\/fruitsandveggies.es\/wp-content\/uploads\/2019\/10\/naranja-150x150.jpg 150w, http:\/\/fruitsandveggies.es\/wp-content\/uploads\/2019\/10\/naranja-200x200.jpg 200w, http:\/\/fruitsandveggies.es\/wp-content\/uploads\/2019\/10\/naranja-300x300.jpg 300w, http:\/\/fruitsandveggies.es\/wp-content\/uploads\/2019\/10\/naranja-400x400.jpg 400w, http:\/\/fruitsandveggies.es\/wp-content\/uploads\/2019\/10\/naranja.jpg 500w\" sizes=\"(max-width: 300px) 100vw, 300px\" \/><\/p>\n<\/span><div class=\"fusion-clearfix\"><\/div><\/div><\/div><div  class=\"fusion-layout-column fusion_builder_column fusion_builder_column_1_4 fusion-builder-column-53 fusion-one-fourth fusion-column-last 1_4\"  style='margin-top:15px;margin-bottom:15px;width:22%'><div class=\"fusion-column-wrapper\" style=\"padding: 0px 0px 0px 0px;background-position:left top;background-repeat:no-repeat;-webkit-background-size:cover;-moz-background-size:cover;-o-background-size:cover;background-size:cover;\"   data-bg-url=\"\"><span class=\"fusion-popover popover-32\" data-animation=\"1\" data-class=\"popover-32\" data-container=\"popover-32\" data-content=\"La papaya es un alimento rico en agua y bajo en calor\u00edas, que aporta minerales como calcio, f\u00f3sforo y hierro y vitaminas A y C. Contiene papa\u00edna, un enzima que favorece la digesti\u00f3n.\" data-delay=\"50\" data-placement=\"bottom\" data-title=\"papaya\" data-toggle=\"popover\" data-trigger=\"hover\"><style type=\"text\/css\">.popover-32 .popover-title{}.popover-32 .popover-content{}<\/style>\n<p style=\"text-align: center;\"><img loading=\"lazy\" class=\"alignnone wp-image-1927 size-medium\" src=\"http:\/\/fruitsandveggies.es\/wp-content\/uploads\/2019\/10\/papaya-300x300.jpg\" alt=\"\" width=\"300\" height=\"300\" srcset=\"http:\/\/fruitsandveggies.es\/wp-content\/uploads\/2019\/10\/papaya-66x66.jpg 66w, http:\/\/fruitsandveggies.es\/wp-content\/uploads\/2019\/10\/papaya-150x150.jpg 150w, http:\/\/fruitsandveggies.es\/wp-content\/uploads\/2019\/10\/papaya-200x200.jpg 200w, http:\/\/fruitsandveggies.es\/wp-content\/uploads\/2019\/10\/papaya-300x300.jpg 300w, http:\/\/fruitsandveggies.es\/wp-content\/uploads\/2019\/10\/papaya-400x400.jpg 400w, http:\/\/fruitsandveggies.es\/wp-content\/uploads\/2019\/10\/papaya.jpg 500w\" sizes=\"(max-width: 300px) 100vw, 300px\" \/><\/p>\n<\/span><div class=\"fusion-clearfix\"><\/div><\/div><\/div><\/div><\/div><div class=\"fusion-fullwidth fullwidth-box fusion-builder-row-9 nonhundred-percent-fullwidth non-hundred-percent-height-scrolling\"  style='background-color: rgba(255,255,255,0);background-position: left top;background-repeat: no-repeat;padding-top:0px;padding-right:15%;padding-bottom:35px;padding-left:15%;border-top-width:0px;border-bottom-width:0px;border-color:#eae9e9;border-top-style:solid;border-bottom-style:solid;'><div class=\"fusion-builder-row fusion-row \"><div  class=\"fusion-layout-column fusion_builder_column fusion_builder_column_1_3 fusion-builder-column-54 fusion-one-third fusion-column-first 1_3\"  style='margin-top:15px;margin-bottom:15px;width:30.6666%; margin-right: 4%;'><div class=\"fusion-column-wrapper\" style=\"padding: 0px 0px 0px 0px;background-position:left top;background-repeat:no-repeat;-webkit-background-size:cover;-moz-background-size:cover;-o-background-size:cover;background-size:cover;\"   data-bg-url=\"\"><span class=\"fusion-popover popover-33\" data-animation=\"1\" data-class=\"popover-33\" data-container=\"popover-33\" data-content=\"Contenido cal\u00f3rico bajo. Beneficiosa para la digesti\u00f3n y \u00fatil para personas con gastritis o dispepsia. Es ligeramente laxante y normaliza las funciones intestinales. Se trata de una fruta que activa la funci\u00f3n pancre\u00e1tica. Es rica en manganeso, el cual apenas est\u00e1 presente en el resto de frutas.\" data-delay=\"50\" data-placement=\"bottom\" data-title=\"pi\u00f1a\" data-toggle=\"popover\" data-trigger=\"hover\"><style type=\"text\/css\">.popover-33 .popover-title{}.popover-33 .popover-content{}<\/style>\n<p style=\"text-align: center;\"><img loading=\"lazy\" class=\"alignnone wp-image-1928 size-medium\" src=\"http:\/\/fruitsandveggies.es\/wp-content\/uploads\/2019\/10\/pi\u00f1a-300x300.jpg\" alt=\"\" width=\"300\" height=\"300\" srcset=\"http:\/\/fruitsandveggies.es\/wp-content\/uploads\/2019\/10\/pi\u00f1a-66x66.jpg 66w, http:\/\/fruitsandveggies.es\/wp-content\/uploads\/2019\/10\/pi\u00f1a-150x150.jpg 150w, http:\/\/fruitsandveggies.es\/wp-content\/uploads\/2019\/10\/pi\u00f1a-200x200.jpg 200w, http:\/\/fruitsandveggies.es\/wp-content\/uploads\/2019\/10\/pi\u00f1a-300x300.jpg 300w, http:\/\/fruitsandveggies.es\/wp-content\/uploads\/2019\/10\/pi\u00f1a-400x400.jpg 400w, http:\/\/fruitsandveggies.es\/wp-content\/uploads\/2019\/10\/pi\u00f1a.jpg 500w\" sizes=\"(max-width: 300px) 100vw, 300px\" \/><\/p>\n<\/span><div class=\"fusion-clearfix\"><\/div><\/div><\/div><div  class=\"fusion-layout-column fusion_builder_column fusion_builder_column_1_3 fusion-builder-column-55 fusion-one-third 1_3\"  style='margin-top:15px;margin-bottom:15px;width:30.6666%; margin-right: 4%;'><div class=\"fusion-column-wrapper\" style=\"padding: 0px 0px 0px 0px;background-position:left top;background-repeat:no-repeat;-webkit-background-size:cover;-moz-background-size:cover;-o-background-size:cover;background-size:cover;\"   data-bg-url=\"\"><span class=\"fusion-popover popover-34\" data-animation=\"1\" data-class=\"popover-34\" data-container=\"popover-34\" data-content=\"Mezcla de frutas especial para elaboraci\u00f3n de sangr\u00eda.\" data-delay=\"50\" data-placement=\"bottom\" data-title=\"mezcla sangria\" data-toggle=\"popover\" data-trigger=\"hover\"><style type=\"text\/css\">.popover-34 .popover-title{}.popover-34 .popover-content{}<\/style>\n<p style=\"text-align: center;\"><img loading=\"lazy\" class=\"alignnone wp-image-1929 size-medium\" src=\"http:\/\/fruitsandveggies.es\/wp-content\/uploads\/2019\/10\/sangria-300x300.jpg\" alt=\"\" width=\"300\" height=\"300\" srcset=\"http:\/\/fruitsandveggies.es\/wp-content\/uploads\/2019\/10\/sangria-66x66.jpg 66w, http:\/\/fruitsandveggies.es\/wp-content\/uploads\/2019\/10\/sangria-150x150.jpg 150w, http:\/\/fruitsandveggies.es\/wp-content\/uploads\/2019\/10\/sangria-200x200.jpg 200w, http:\/\/fruitsandveggies.es\/wp-content\/uploads\/2019\/10\/sangria-300x300.jpg 300w, http:\/\/fruitsandveggies.es\/wp-content\/uploads\/2019\/10\/sangria-400x400.jpg 400w, http:\/\/fruitsandveggies.es\/wp-content\/uploads\/2019\/10\/sangria.jpg 500w\" sizes=\"(max-width: 300px) 100vw, 300px\" \/><\/p>\n<\/span><div class=\"fusion-clearfix\"><\/div><\/div><\/div><div  class=\"fusion-layout-column fusion_builder_column fusion_builder_column_1_3 fusion-builder-column-56 fusion-one-third fusion-column-last 1_3\"  style='margin-top:15px;margin-bottom:15px;width:30.6666%'><div class=\"fusion-column-wrapper\" style=\"padding: 0px 0px 0px 0px;background-position:left top;background-repeat:no-repeat;-webkit-background-size:cover;-moz-background-size:cover;-o-background-size:cover;background-size:cover;\"   data-bg-url=\"\"><span class=\"fusion-popover popover-35\" data-animation=\"1\" data-class=\"popover-35\" data-container=\"popover-35\" data-content=\"Mezcla especial de frutas tropicales.\" data-delay=\"50\" data-placement=\"bottom\" data-title=\"mezcla tropical\" data-toggle=\"popover\" data-trigger=\"hover\"><style type=\"text\/css\">.popover-35 .popover-title{}.popover-35 .popover-content{}<\/style>\n<p style=\"text-align: center;\"><img loading=\"lazy\" class=\"alignnone wp-image-1930 size-medium\" src=\"http:\/\/fruitsandveggies.es\/wp-content\/uploads\/2019\/10\/tropical-300x300.jpg\" alt=\"\" width=\"300\" height=\"300\" srcset=\"http:\/\/fruitsandveggies.es\/wp-content\/uploads\/2019\/10\/tropical-66x66.jpg 66w, http:\/\/fruitsandveggies.es\/wp-content\/uploads\/2019\/10\/tropical-150x150.jpg 150w, http:\/\/fruitsandveggies.es\/wp-content\/uploads\/2019\/10\/tropical-200x200.jpg 200w, http:\/\/fruitsandveggies.es\/wp-content\/uploads\/2019\/10\/tropical-300x300.jpg 300w, http:\/\/fruitsandveggies.es\/wp-content\/uploads\/2019\/10\/tropical-400x400.jpg 400w, http:\/\/fruitsandveggies.es\/wp-content\/uploads\/2019\/10\/tropical.jpg 500w\" sizes=\"(max-width: 300px) 100vw, 300px\" \/><\/p>\n<\/span><div class=\"fusion-clearfix\"><\/div><\/div><\/div><\/div><\/div><div id=\"verduras\"><div class=\"fusion-fullwidth fullwidth-box fusion-builder-row-10 fusion-parallax-none hundred-percent-fullwidth non-hundred-percent-height-scrolling\"  style='background-color: rgba(255,255,255,0);background-image: url(\"http:\/\/fruitsandveggies.es\/wp-content\/uploads\/2019\/10\/slider_verduras.jpg\");background-position: center center;background-repeat: no-repeat;-webkit-background-size:cover;-moz-background-size:cover;-o-background-size:cover;background-size:cover;'><div class=\"fusion-builder-row fusion-row \"><div  class=\"fusion-layout-column fusion_builder_column fusion_builder_column_1_1 fusion-builder-column-57 fusion-one-full fusion-column-first fusion-column-last 1_1\"  style='margin-top:0px;margin-bottom:50px;'><div class=\"fusion-column-wrapper\" style=\"padding: 0px 50px 35px 50px;background-position:left top;background-repeat:no-repeat;-webkit-background-size:cover;-moz-background-size:cover;-o-background-size:cover;background-size:cover;\"   data-bg-url=\"\"><div class=\"fusion-text\"><h2 style=\"text-align: right;\">verduras<\/h2>\n<\/div><div class=\"fusion-clearfix\"><\/div><\/div><\/div><\/div><\/div><\/div><div class=\"fusion-fullwidth fullwidth-box fusion-builder-row-11 nonhundred-percent-fullwidth non-hundred-percent-height-scrolling\"  style='background-color: rgba(255,255,255,0);background-position: left top;background-repeat: no-repeat;padding-top:35px;padding-right:0px;padding-bottom:35px;padding-left:0px;border-top-width:0px;border-bottom-width:0px;border-color:#eae9e9;border-top-style:solid;border-bottom-style:solid;'><div class=\"fusion-builder-row fusion-row \"><div  class=\"fusion-layout-column fusion_builder_column fusion_builder_column_1_4 fusion-builder-column-58 fusion-one-fourth fusion-column-first fusion-no-small-visibility 1_4\"  style='margin-top:15px;margin-bottom:15px;width:22%; margin-right: 4%;'><div class=\"fusion-column-wrapper\" style=\"padding: 0px 0px 0px 0px;background-position:left top;background-repeat:no-repeat;-webkit-background-size:cover;-moz-background-size:cover;-o-background-size:cover;background-size:cover;\"   data-bg-url=\"\"><div class=\"fusion-clearfix\"><\/div><\/div><\/div><div  class=\"fusion-layout-column fusion_builder_column fusion_builder_column_1_2 fusion-builder-column-59 fusion-one-half 1_2\"  style='margin-top:15px;margin-bottom:15px;width:48%; margin-right: 4%;'><div class=\"fusion-column-wrapper\" style=\"padding: 0px 0px 0px 0px;background-position:left top;background-repeat:no-repeat;-webkit-background-size:cover;-moz-background-size:cover;-o-background-size:cover;background-size:cover;\"   data-bg-url=\"\"><style type=\"text\/css\"><\/style><div class=\"fusion-title title fusion-title-9 sep-underline sep-solid fusion-title-text fusion-title-size-one\" style=\"border-bottom-color:#dbe2ea;margin-top:15px;margin-bottom:15px;\"><h1 class=\"title-heading-left\" style=\"margin:0;\"><p style=\"text-align: center;\">variedades de verdura<\/p><\/h1><\/div><div class=\"fusion-clearfix\"><\/div><\/div><\/div><div  class=\"fusion-layout-column fusion_builder_column fusion_builder_column_1_4 fusion-builder-column-60 fusion-one-fourth fusion-column-last fusion-no-small-visibility 1_4\"  style='margin-top:15px;margin-bottom:15px;width:22%'><div class=\"fusion-column-wrapper\" style=\"padding: 0px 0px 0px 0px;background-position:left top;background-repeat:no-repeat;-webkit-background-size:cover;-moz-background-size:cover;-o-background-size:cover;background-size:cover;\"   data-bg-url=\"\"><div class=\"fusion-clearfix\"><\/div><\/div><\/div><div  class=\"fusion-layout-column fusion_builder_column fusion_builder_column_1_4 fusion-builder-column-61 fusion-one-fourth fusion-column-first 1_4\"  style='margin-top:15px;margin-bottom:15px;width:22%; margin-right: 4%;'><div class=\"fusion-column-wrapper\" style=\"padding: 0px 0px 0px 0px;background-position:left top;background-repeat:no-repeat;-webkit-background-size:cover;-moz-background-size:cover;-o-background-size:cover;background-size:cover;\"   data-bg-url=\"\"><span class=\"fusion-popover popover-36\" data-animation=\"1\" data-class=\"popover-36\" data-container=\"popover-36\" data-content=\"Es un alimento bajo en sodio y rico en potasio y f\u00f3sforo, presenta vitaminas del grupo B (\u00e1cido f\u00f3lico B9 y niacina B3) y vitamina C.\" data-delay=\"50\" data-placement=\"bottom\" data-title=\"boletus edulis\" data-toggle=\"popover\" data-trigger=\"hover\"><style type=\"text\/css\">.popover-36 .popover-title{}.popover-36 .popover-content{}<\/style>\n<p style=\"text-align: center;\"><img loading=\"lazy\" class=\"alignnone wp-image-1933 size-medium\" src=\"http:\/\/fruitsandveggies.es\/wp-content\/uploads\/2019\/10\/boeltus-300x300.jpg\" alt=\"\" width=\"300\" height=\"300\" srcset=\"http:\/\/fruitsandveggies.es\/wp-content\/uploads\/2019\/10\/boeltus-66x66.jpg 66w, http:\/\/fruitsandveggies.es\/wp-content\/uploads\/2019\/10\/boeltus-150x150.jpg 150w, http:\/\/fruitsandveggies.es\/wp-content\/uploads\/2019\/10\/boeltus-200x200.jpg 200w, http:\/\/fruitsandveggies.es\/wp-content\/uploads\/2019\/10\/boeltus-300x300.jpg 300w, http:\/\/fruitsandveggies.es\/wp-content\/uploads\/2019\/10\/boeltus-400x400.jpg 400w, http:\/\/fruitsandveggies.es\/wp-content\/uploads\/2019\/10\/boeltus.jpg 500w\" sizes=\"(max-width: 300px) 100vw, 300px\" \/><\/p>\n<\/span><div class=\"fusion-clearfix\"><\/div><\/div><\/div><div  class=\"fusion-layout-column fusion_builder_column fusion_builder_column_1_4 fusion-builder-column-62 fusion-one-fourth 1_4\"  style='margin-top:15px;margin-bottom:15px;width:22%; margin-right: 4%;'><div class=\"fusion-column-wrapper\" style=\"padding: 0px 0px 0px 0px;background-position:left top;background-repeat:no-repeat;-webkit-background-size:cover;-moz-background-size:cover;-o-background-size:cover;background-size:cover;\"   data-bg-url=\"\"><span class=\"fusion-popover popover-37\" data-animation=\"1\" data-class=\"popover-37\" data-container=\"popover-37\" data-content=\"Alimento rico en vitaminas, sobre todo en vitamina C y vitamina A. Contiene fibra, calcio, hierro y potasio.\" data-delay=\"50\" data-placement=\"bottom\" data-title=\"br\u00f3coli\" data-toggle=\"popover\" data-trigger=\"hover\"><style type=\"text\/css\">.popover-37 .popover-title{}.popover-37 .popover-content{}<\/style>\n<p style=\"text-align: center;\"><img loading=\"lazy\" class=\"alignnone wp-image-1934 size-medium\" src=\"http:\/\/fruitsandveggies.es\/wp-content\/uploads\/2019\/10\/brocoli-300x300.jpg\" alt=\"\" width=\"300\" height=\"300\" srcset=\"http:\/\/fruitsandveggies.es\/wp-content\/uploads\/2019\/10\/brocoli-66x66.jpg 66w, http:\/\/fruitsandveggies.es\/wp-content\/uploads\/2019\/10\/brocoli-150x150.jpg 150w, http:\/\/fruitsandveggies.es\/wp-content\/uploads\/2019\/10\/brocoli-200x200.jpg 200w, http:\/\/fruitsandveggies.es\/wp-content\/uploads\/2019\/10\/brocoli-300x300.jpg 300w, http:\/\/fruitsandveggies.es\/wp-content\/uploads\/2019\/10\/brocoli-400x400.jpg 400w, http:\/\/fruitsandveggies.es\/wp-content\/uploads\/2019\/10\/brocoli.jpg 500w\" sizes=\"(max-width: 300px) 100vw, 300px\" \/><\/p>\n<\/span><div class=\"fusion-clearfix\"><\/div><\/div><\/div><div  class=\"fusion-layout-column fusion_builder_column fusion_builder_column_1_4 fusion-builder-column-63 fusion-one-fourth 1_4\"  style='margin-top:15px;margin-bottom:15px;width:22%; margin-right: 4%;'><div class=\"fusion-column-wrapper\" style=\"padding: 0px 0px 0px 0px;background-position:left top;background-repeat:no-repeat;-webkit-background-size:cover;-moz-background-size:cover;-o-background-size:cover;background-size:cover;\"   data-bg-url=\"\"><span class=\"fusion-popover popover-38\" data-animation=\"1\" data-class=\"popover-38\" data-container=\"popover-38\" data-content=\"gran riqueza vitam\u00ednica, especialmente de betacaroteno o provitamina A y de las otras dos vitaminas antioxidantes, la C y la E.\" data-delay=\"50\" data-placement=\"bottom\" data-title=\"calabaza\" data-toggle=\"popover\" data-trigger=\"hover\"><style type=\"text\/css\">.popover-38 .popover-title{}.popover-38 .popover-content{}<\/style>\n<p style=\"text-align: center;\"><img loading=\"lazy\" class=\"alignnone wp-image-1935 size-medium\" src=\"http:\/\/fruitsandveggies.es\/wp-content\/uploads\/2019\/10\/calabaza-300x300.jpg\" alt=\"\" width=\"300\" height=\"300\" srcset=\"http:\/\/fruitsandveggies.es\/wp-content\/uploads\/2019\/10\/calabaza-66x66.jpg 66w, http:\/\/fruitsandveggies.es\/wp-content\/uploads\/2019\/10\/calabaza-150x150.jpg 150w, http:\/\/fruitsandveggies.es\/wp-content\/uploads\/2019\/10\/calabaza-200x200.jpg 200w, http:\/\/fruitsandveggies.es\/wp-content\/uploads\/2019\/10\/calabaza-300x300.jpg 300w, http:\/\/fruitsandveggies.es\/wp-content\/uploads\/2019\/10\/calabaza-400x400.jpg 400w, http:\/\/fruitsandveggies.es\/wp-content\/uploads\/2019\/10\/calabaza.jpg 500w\" sizes=\"(max-width: 300px) 100vw, 300px\" \/><\/p>\n<\/span><div class=\"fusion-clearfix\"><\/div><\/div><\/div><div  class=\"fusion-layout-column fusion_builder_column fusion_builder_column_1_4 fusion-builder-column-64 fusion-one-fourth fusion-column-last 1_4\"  style='margin-top:15px;margin-bottom:15px;width:22%'><div class=\"fusion-column-wrapper\" style=\"padding: 0px 0px 0px 0px;background-position:left top;background-repeat:no-repeat;-webkit-background-size:cover;-moz-background-size:cover;-o-background-size:cover;background-size:cover;\"   data-bg-url=\"\"><span class=\"fusion-popover popover-39\" data-animation=\"1\" data-class=\"popover-39\" data-container=\"popover-39\" data-content=\"Adem\u00e1s, aportan prote\u00ednas, vitaminas, sobre todo del grupo B, minerales y fibra. Se considera que el champi\u00f1\u00f3n es un buen antidepresivo y anticancer\u00edgeno.\" data-delay=\"50\" data-placement=\"bottom\" data-title=\"champi\u00f1\u00f3n\" data-toggle=\"popover\" data-trigger=\"hover\"><style type=\"text\/css\">.popover-39 .popover-title{}.popover-39 .popover-content{}<\/style>\n<p style=\"text-align: center;\"><img loading=\"lazy\" class=\"alignnone wp-image-1936 size-medium\" src=\"http:\/\/fruitsandveggies.es\/wp-content\/uploads\/2019\/10\/champi\u00f1on-300x300.jpg\" alt=\"\" width=\"300\" height=\"300\" srcset=\"http:\/\/fruitsandveggies.es\/wp-content\/uploads\/2019\/10\/champi\u00f1on-66x66.jpg 66w, http:\/\/fruitsandveggies.es\/wp-content\/uploads\/2019\/10\/champi\u00f1on-150x150.jpg 150w, http:\/\/fruitsandveggies.es\/wp-content\/uploads\/2019\/10\/champi\u00f1on-200x200.jpg 200w, http:\/\/fruitsandveggies.es\/wp-content\/uploads\/2019\/10\/champi\u00f1on-300x300.jpg 300w, http:\/\/fruitsandveggies.es\/wp-content\/uploads\/2019\/10\/champi\u00f1on-400x400.jpg 400w, http:\/\/fruitsandveggies.es\/wp-content\/uploads\/2019\/10\/champi\u00f1on.jpg 500w\" sizes=\"(max-width: 300px) 100vw, 300px\" \/><\/p>\n<\/span><div class=\"fusion-clearfix\"><\/div><\/div><\/div><div  class=\"fusion-layout-column fusion_builder_column fusion_builder_column_1_4 fusion-builder-column-65 fusion-one-fourth fusion-column-first 1_4\"  style='margin-top:15px;margin-bottom:15px;width:22%; margin-right: 4%;'><div class=\"fusion-column-wrapper\" style=\"padding: 0px 0px 0px 0px;background-position:left top;background-repeat:no-repeat;-webkit-background-size:cover;-moz-background-size:cover;-o-background-size:cover;background-size:cover;\"   data-bg-url=\"\"><span class=\"fusion-popover popover-40\" data-animation=\"1\" data-class=\"popover-40\" data-container=\"popover-40\" data-html-content=\"Gran cantidad de vitaminas, sobre todo A, B1, B2, B6, C y E. Destaca por su aporte en minerales como el magnesio, f\u00f3sforo, calcio y potasio.&lt;br \/&gt;\nAlta cantidad de antioxidantes. Y diur\u00e9tico.\" data-delay=\"50\" data-placement=\"bottom\" data-title=\"esp\u00e1rrago verde\" data-toggle=\"popover\" data-trigger=\"hover\"><style type=\"text\/css\">.popover-40 .popover-title{}.popover-40 .popover-content{}<\/style>\n<p style=\"text-align: center;\"><img loading=\"lazy\" class=\"alignnone wp-image-1937 size-medium\" src=\"http:\/\/fruitsandveggies.es\/wp-content\/uploads\/2019\/10\/esparrago-300x300.jpg\" alt=\"\" width=\"300\" height=\"300\" srcset=\"http:\/\/fruitsandveggies.es\/wp-content\/uploads\/2019\/10\/esparrago-66x66.jpg 66w, http:\/\/fruitsandveggies.es\/wp-content\/uploads\/2019\/10\/esparrago-150x150.jpg 150w, http:\/\/fruitsandveggies.es\/wp-content\/uploads\/2019\/10\/esparrago-200x200.jpg 200w, http:\/\/fruitsandveggies.es\/wp-content\/uploads\/2019\/10\/esparrago-300x300.jpg 300w, http:\/\/fruitsandveggies.es\/wp-content\/uploads\/2019\/10\/esparrago-400x400.jpg 400w, http:\/\/fruitsandveggies.es\/wp-content\/uploads\/2019\/10\/esparrago.jpg 500w\" sizes=\"(max-width: 300px) 100vw, 300px\" \/><\/p>\n<\/span><div class=\"fusion-clearfix\"><\/div><\/div><\/div><div  class=\"fusion-layout-column fusion_builder_column fusion_builder_column_1_4 fusion-builder-column-66 fusion-one-fourth 1_4\"  style='margin-top:15px;margin-bottom:15px;width:22%; margin-right: 4%;'><div class=\"fusion-column-wrapper\" style=\"padding: 0px 0px 0px 0px;background-position:left top;background-repeat:no-repeat;-webkit-background-size:cover;-moz-background-size:cover;-o-background-size:cover;background-size:cover;\"   data-bg-url=\"\"><span class=\"fusion-popover popover-41\" data-animation=\"1\" data-class=\"popover-41\" data-container=\"popover-41\" data-content=\"El ma\u00edz dulce es muy nutritivo, aporta hidratos de carbono, prote\u00ednas y fibra principalmente, adem\u00e1s de vitaminas y minerales. Beneficioso para la salud, siendo importante para evitar enfermedades del coraz\u00f3n, de los nervios, etc.\" data-delay=\"50\" data-placement=\"bottom\" data-title=\"mazorca de ma\u00edz\" data-toggle=\"popover\" data-trigger=\"hover\"><style type=\"text\/css\">.popover-41 .popover-title{}.popover-41 .popover-content{}<\/style>\n<p style=\"text-align: center;\"><img loading=\"lazy\" class=\"alignnone wp-image-1938 size-medium\" src=\"http:\/\/fruitsandveggies.es\/wp-content\/uploads\/2019\/10\/mazorca-300x300.jpg\" alt=\"\" width=\"300\" height=\"300\" srcset=\"http:\/\/fruitsandveggies.es\/wp-content\/uploads\/2019\/10\/mazorca-66x66.jpg 66w, http:\/\/fruitsandveggies.es\/wp-content\/uploads\/2019\/10\/mazorca-150x150.jpg 150w, http:\/\/fruitsandveggies.es\/wp-content\/uploads\/2019\/10\/mazorca-200x200.jpg 200w, http:\/\/fruitsandveggies.es\/wp-content\/uploads\/2019\/10\/mazorca-300x300.jpg 300w, http:\/\/fruitsandveggies.es\/wp-content\/uploads\/2019\/10\/mazorca-400x400.jpg 400w, http:\/\/fruitsandveggies.es\/wp-content\/uploads\/2019\/10\/mazorca.jpg 500w\" sizes=\"(max-width: 300px) 100vw, 300px\" \/><\/p>\n<\/span><div class=\"fusion-clearfix\"><\/div><\/div><\/div><div  class=\"fusion-layout-column fusion_builder_column fusion_builder_column_1_4 fusion-builder-column-67 fusion-one-fourth 1_4\"  style='margin-top:15px;margin-bottom:15px;width:22%; margin-right: 4%;'><div class=\"fusion-column-wrapper\" style=\"padding: 0px 0px 0px 0px;background-position:left top;background-repeat:no-repeat;-webkit-background-size:cover;-moz-background-size:cover;-o-background-size:cover;background-size:cover;\"   data-bg-url=\"\"><span class=\"fusion-popover popover-42\" data-animation=\"1\" data-class=\"popover-42\" data-container=\"popover-42\" data-content=\"La principal vitamina aportada por los pimientos es la vitamina C que protege contra el c\u00e1ncer. Tambi\u00e9n es fuente de vitamina A, por lo que son buenos para la vista.\" data-delay=\"50\" data-placement=\"bottom\" data-title=\"pimiento rojo\" data-toggle=\"popover\" data-trigger=\"hover\"><style type=\"text\/css\">.popover-42 .popover-title{}.popover-42 .popover-content{}<\/style>\n<p style=\"text-align: center;\"><img loading=\"lazy\" class=\"alignnone wp-image-1939 size-medium\" src=\"http:\/\/fruitsandveggies.es\/wp-content\/uploads\/2019\/10\/pimientorojo-300x300.jpg\" alt=\"\" width=\"300\" height=\"300\" srcset=\"http:\/\/fruitsandveggies.es\/wp-content\/uploads\/2019\/10\/pimientorojo-66x66.jpg 66w, http:\/\/fruitsandveggies.es\/wp-content\/uploads\/2019\/10\/pimientorojo-150x150.jpg 150w, http:\/\/fruitsandveggies.es\/wp-content\/uploads\/2019\/10\/pimientorojo-200x200.jpg 200w, http:\/\/fruitsandveggies.es\/wp-content\/uploads\/2019\/10\/pimientorojo-300x300.jpg 300w, http:\/\/fruitsandveggies.es\/wp-content\/uploads\/2019\/10\/pimientorojo-400x400.jpg 400w, http:\/\/fruitsandveggies.es\/wp-content\/uploads\/2019\/10\/pimientorojo.jpg 500w\" sizes=\"(max-width: 300px) 100vw, 300px\" \/><\/p>\n<\/span><div class=\"fusion-clearfix\"><\/div><\/div><\/div><div  class=\"fusion-layout-column fusion_builder_column fusion_builder_column_1_4 fusion-builder-column-68 fusion-one-fourth fusion-column-last 1_4\"  style='margin-top:15px;margin-bottom:15px;width:22%'><div class=\"fusion-column-wrapper\" style=\"padding: 0px 0px 0px 0px;background-position:left top;background-repeat:no-repeat;-webkit-background-size:cover;-moz-background-size:cover;-o-background-size:cover;background-size:cover;\"   data-bg-url=\"\"><span class=\"fusion-popover popover-43\" data-animation=\"1\" data-class=\"popover-43\" data-container=\"popover-43\" data-content=\"La principal vitamina aportada por los pimientos es la vitamina C que protege contra el c\u00e1ncer. Tambi\u00e9n es fuente de vitamina A, por lo que son buenos para la vista.\" data-delay=\"50\" data-placement=\"bottom\" data-title=\"pimiento verde\" data-toggle=\"popover\" data-trigger=\"hover\"><style type=\"text\/css\">.popover-43 .popover-title{}.popover-43 .popover-content{}<\/style>\n<p style=\"text-align: center;\"><img loading=\"lazy\" class=\"alignnone wp-image-1940 size-medium\" src=\"http:\/\/fruitsandveggies.es\/wp-content\/uploads\/2019\/10\/piminetoverde-300x300.jpg\" alt=\"\" width=\"300\" height=\"300\" srcset=\"http:\/\/fruitsandveggies.es\/wp-content\/uploads\/2019\/10\/piminetoverde-66x66.jpg 66w, http:\/\/fruitsandveggies.es\/wp-content\/uploads\/2019\/10\/piminetoverde-150x150.jpg 150w, http:\/\/fruitsandveggies.es\/wp-content\/uploads\/2019\/10\/piminetoverde-200x200.jpg 200w, http:\/\/fruitsandveggies.es\/wp-content\/uploads\/2019\/10\/piminetoverde-300x300.jpg 300w, http:\/\/fruitsandveggies.es\/wp-content\/uploads\/2019\/10\/piminetoverde-400x400.jpg 400w, http:\/\/fruitsandveggies.es\/wp-content\/uploads\/2019\/10\/piminetoverde.jpg 500w\" sizes=\"(max-width: 300px) 100vw, 300px\" \/><\/p>\n<\/span><div class=\"fusion-clearfix\"><\/div><\/div><\/div><div  class=\"fusion-layout-column fusion_builder_column fusion_builder_column_1_4 fusion-builder-column-69 fusion-one-fourth fusion-column-first 1_4\"  style='margin-top:15px;margin-bottom:15px;width:22%; margin-right: 4%;'><div class=\"fusion-column-wrapper\" style=\"padding: 0px 0px 0px 0px;background-position:left top;background-repeat:no-repeat;-webkit-background-size:cover;-moz-background-size:cover;-o-background-size:cover;background-size:cover;\"   data-bg-url=\"\"><span class=\"fusion-popover popover-44\" data-animation=\"1\" data-class=\"popover-44\" data-container=\"popover-44\" data-content=\"Propiedades medicinales que, entro otros aspectos, mejora nuestro sistema inmunitario y ayuda a combatir el colesterol.\" data-delay=\"50\" data-placement=\"bottom\" data-title=\"pleurotus ostreatus\" data-toggle=\"popover\" data-trigger=\"hover\"><style type=\"text\/css\">.popover-44 .popover-title{}.popover-44 .popover-content{}<\/style>\n<p style=\"text-align: center;\"><img loading=\"lazy\" class=\"alignnone wp-image-1941 size-medium\" src=\"http:\/\/fruitsandveggies.es\/wp-content\/uploads\/2019\/10\/pleurotus-300x300.jpg\" alt=\"\" width=\"300\" height=\"300\" srcset=\"http:\/\/fruitsandveggies.es\/wp-content\/uploads\/2019\/10\/pleurotus-66x66.jpg 66w, http:\/\/fruitsandveggies.es\/wp-content\/uploads\/2019\/10\/pleurotus-150x150.jpg 150w, http:\/\/fruitsandveggies.es\/wp-content\/uploads\/2019\/10\/pleurotus-200x200.jpg 200w, http:\/\/fruitsandveggies.es\/wp-content\/uploads\/2019\/10\/pleurotus-300x300.jpg 300w, http:\/\/fruitsandveggies.es\/wp-content\/uploads\/2019\/10\/pleurotus-400x400.jpg 400w, http:\/\/fruitsandveggies.es\/wp-content\/uploads\/2019\/10\/pleurotus.jpg 500w\" sizes=\"(max-width: 300px) 100vw, 300px\" \/><\/p>\n<\/span><div class=\"fusion-clearfix\"><\/div><\/div><\/div><div  class=\"fusion-layout-column fusion_builder_column fusion_builder_column_1_4 fusion-builder-column-70 fusion-one-fourth 1_4\"  style='margin-top:15px;margin-bottom:15px;width:22%; margin-right: 4%;'><div class=\"fusion-column-wrapper\" style=\"padding: 0px 0px 0px 0px;background-position:left top;background-repeat:no-repeat;-webkit-background-size:cover;-moz-background-size:cover;-o-background-size:cover;background-size:cover;\"   data-bg-url=\"\"><span class=\"fusion-popover popover-45\" data-animation=\"1\" data-class=\"popover-45\" data-container=\"popover-45\" data-content=\"A pesar de ser una verdura, se utiliza casi siempre como fruta. Contiene mucho potasio, hierro y calcio.\" data-delay=\"50\" data-placement=\"bottom\" data-title=\"ruibarbo rojo\" data-toggle=\"popover\" data-trigger=\"hover\"><style type=\"text\/css\">.popover-45 .popover-title{}.popover-45 .popover-content{}<\/style>\n<p style=\"text-align: center;\"><img loading=\"lazy\" class=\"alignnone wp-image-1942 size-medium\" src=\"http:\/\/fruitsandveggies.es\/wp-content\/uploads\/2019\/10\/ruibardo-300x300.jpg\" alt=\"\" width=\"300\" height=\"300\" srcset=\"http:\/\/fruitsandveggies.es\/wp-content\/uploads\/2019\/10\/ruibardo-66x66.jpg 66w, http:\/\/fruitsandveggies.es\/wp-content\/uploads\/2019\/10\/ruibardo-150x150.jpg 150w, http:\/\/fruitsandveggies.es\/wp-content\/uploads\/2019\/10\/ruibardo-200x200.jpg 200w, http:\/\/fruitsandveggies.es\/wp-content\/uploads\/2019\/10\/ruibardo-300x300.jpg 300w, http:\/\/fruitsandveggies.es\/wp-content\/uploads\/2019\/10\/ruibardo-400x400.jpg 400w, http:\/\/fruitsandveggies.es\/wp-content\/uploads\/2019\/10\/ruibardo.jpg 500w\" sizes=\"(max-width: 300px) 100vw, 300px\" \/><\/p>\n<\/span><div class=\"fusion-clearfix\"><\/div><\/div><\/div><div  class=\"fusion-layout-column fusion_builder_column fusion_builder_column_1_4 fusion-builder-column-71 fusion-one-fourth 1_4\"  style='margin-top:15px;margin-bottom:15px;width:22%; margin-right: 4%;'><div class=\"fusion-column-wrapper\" style=\"padding: 0px 0px 0px 0px;background-position:left top;background-repeat:no-repeat;-webkit-background-size:cover;-moz-background-size:cover;-o-background-size:cover;background-size:cover;\"   data-bg-url=\"\"><span class=\"fusion-popover popover-46\" data-animation=\"1\" data-class=\"popover-46\" data-container=\"popover-46\" data-content=\"Opci\u00f3n perfecta para dar una alegr\u00eda al paladar. Si adem\u00e1s aprovechamos el alt\u00edsimo aporte de minerales.\" data-delay=\"50\" data-placement=\"bottom\" data-title=\"mezcla de setas\" data-toggle=\"popover\" data-trigger=\"hover\"><style type=\"text\/css\">.popover-46 .popover-title{}.popover-46 .popover-content{}<\/style>\n<p style=\"text-align: center;\"><img loading=\"lazy\" class=\"alignnone wp-image-1943 size-medium\" src=\"http:\/\/fruitsandveggies.es\/wp-content\/uploads\/2019\/10\/setas-300x300.jpg\" alt=\"\" width=\"300\" height=\"300\" srcset=\"http:\/\/fruitsandveggies.es\/wp-content\/uploads\/2019\/10\/setas-66x66.jpg 66w, http:\/\/fruitsandveggies.es\/wp-content\/uploads\/2019\/10\/setas-150x150.jpg 150w, http:\/\/fruitsandveggies.es\/wp-content\/uploads\/2019\/10\/setas-200x200.jpg 200w, http:\/\/fruitsandveggies.es\/wp-content\/uploads\/2019\/10\/setas-300x300.jpg 300w, http:\/\/fruitsandveggies.es\/wp-content\/uploads\/2019\/10\/setas-400x400.jpg 400w, http:\/\/fruitsandveggies.es\/wp-content\/uploads\/2019\/10\/setas.jpg 500w\" sizes=\"(max-width: 300px) 100vw, 300px\" \/><\/p>\n<\/span><div class=\"fusion-clearfix\"><\/div><\/div><\/div><div  class=\"fusion-layout-column fusion_builder_column fusion_builder_column_1_4 fusion-builder-column-72 fusion-one-fourth fusion-column-last 1_4\"  style='margin-top:15px;margin-bottom:15px;width:22%'><div class=\"fusion-column-wrapper\" style=\"padding: 0px 0px 0px 0px;background-position:left top;background-repeat:no-repeat;-webkit-background-size:cover;-moz-background-size:cover;-o-background-size:cover;background-size:cover;\"   data-bg-url=\"\"><span class=\"fusion-popover popover-47\" data-animation=\"1\" data-class=\"popover-47\" data-container=\"popover-47\" data-content=\"Vitaminas B como la B2, B5 y B6 son parte del paquete, dando energ\u00eda al romper las grasas, carbohidratos y prote\u00ednas.\" data-delay=\"50\" data-placement=\"bottom\" data-title=\"shiitake\" data-toggle=\"popover\" data-trigger=\"hover\"><style type=\"text\/css\">.popover-47 .popover-title{}.popover-47 .popover-content{}<\/style>\n<p style=\"text-align: center;\"><img loading=\"lazy\" class=\"alignnone wp-image-1944 size-medium\" src=\"http:\/\/fruitsandveggies.es\/wp-content\/uploads\/2019\/10\/shiitake-300x300.jpg\" alt=\"\" width=\"300\" height=\"300\" srcset=\"http:\/\/fruitsandveggies.es\/wp-content\/uploads\/2019\/10\/shiitake-66x66.jpg 66w, http:\/\/fruitsandveggies.es\/wp-content\/uploads\/2019\/10\/shiitake-150x150.jpg 150w, http:\/\/fruitsandveggies.es\/wp-content\/uploads\/2019\/10\/shiitake-200x200.jpg 200w, http:\/\/fruitsandveggies.es\/wp-content\/uploads\/2019\/10\/shiitake-300x300.jpg 300w, http:\/\/fruitsandveggies.es\/wp-content\/uploads\/2019\/10\/shiitake-400x400.jpg 400w, http:\/\/fruitsandveggies.es\/wp-content\/uploads\/2019\/10\/shiitake.jpg 500w\" sizes=\"(max-width: 300px) 100vw, 300px\" \/><\/p>\n<\/span><div class=\"fusion-clearfix\"><\/div><\/div><\/div><\/div><\/div><div id=\"contacto\"><div class=\"fusion-fullwidth fullwidth-box fusion-builder-row-12 fusion-parallax-none hundred-percent-fullwidth non-hundred-percent-height-scrolling\"  style='background-color: rgba(255,255,255,0);background-image: url(\"http:\/\/fruitsandveggies.es\/wp-content\/uploads\/2019\/10\/fin_slider.jpg\");background-position: center center;background-repeat: no-repeat;padding-top:35px;border-top-width:0px;border-bottom-width:0px;border-color:#eae9e9;border-top-style:solid;border-bottom-style:solid;-webkit-background-size:cover;-moz-background-size:cover;-o-background-size:cover;background-size:cover;'><div class=\"fusion-builder-row fusion-row \"><div  class=\"fusion-layout-column fusion_builder_column fusion_builder_column_1_1 fusion-builder-column-73 fusion-one-full fusion-column-first fusion-column-last 1_1\"  style='margin-top:30px;margin-bottom:0px;'><div class=\"fusion-column-wrapper\" style=\"padding: 0px 50px 275px 1000px;background-position:left top;background-repeat:no-repeat;-webkit-background-size:cover;-moz-background-size:cover;-o-background-size:cover;background-size:cover;\"   data-bg-url=\"\"><div class=\"fusion-clearfix\"><\/div><\/div><\/div><\/div><\/div><\/div><div class=\"fusion-fullwidth fullwidth-box fusion-builder-row-13 nonhundred-percent-fullwidth non-hundred-percent-height-scrolling\"  style='background-color: rgba(255,255,255,0);background-position: center center;background-repeat: no-repeat;padding-top:35px;padding-right:50px;padding-bottom:35px;padding-left:98px;'><div class=\"fusion-builder-row fusion-row \"><div  class=\"fusion-layout-column fusion_builder_column fusion_builder_column_2_3 fusion-builder-column-74 fusion-two-third fusion-column-first 2_3\"  style='margin-top:15px;margin-bottom:15px;width:66.66%;width:calc(66.66% - ( ( 4% ) * 0.6666 ) );margin-right: 4%;'><div class=\"fusion-column-wrapper\" style=\"padding: 0px 0px 0px 0px;background-position:left top;background-repeat:no-repeat;-webkit-background-size:cover;-moz-background-size:cover;-o-background-size:cover;background-size:cover;\"   data-bg-url=\"\"><style type=\"text\/css\"><\/style><div class=\"fusion-title title fusion-title-10 sep-underline sep-solid fusion-title-text fusion-title-size-one\" style=\"border-bottom-color:#dbe2ea;margin-top:15px;margin-bottom:15px;\"><h1 class=\"title-heading-left\" style=\"margin:0;\">\u00bf tienes dudas ?<\/h1><\/div><div role=\"form\" class=\"wpcf7\" id=\"wpcf7-f5-o1\" lang=\"es-ES\" dir=\"ltr\">\n<div class=\"screen-reader-response\"><p role=\"status\" aria-live=\"polite\" aria-atomic=\"true\"><\/p> <ul><\/ul><\/div>\n<form action=\"\/index.php?rest_route=%2Fwp%2Fv2%2Fpages%2F1781#wpcf7-f5-o1\" method=\"post\" class=\"wpcf7-form init\" novalidate=\"novalidate\" data-status=\"init\">\n<div style=\"display: none;\">\n<input type=\"hidden\" name=\"_wpcf7\" value=\"5\" \/>\n<input type=\"hidden\" name=\"_wpcf7_version\" value=\"5.5.6\" \/>\n<input type=\"hidden\" name=\"_wpcf7_locale\" value=\"es_ES\" \/>\n<input type=\"hidden\" name=\"_wpcf7_unit_tag\" value=\"wpcf7-f5-o1\" \/>\n<input type=\"hidden\" name=\"_wpcf7_container_post\" value=\"0\" \/>\n<input type=\"hidden\" name=\"_wpcf7_posted_data_hash\" value=\"\" \/>\n<\/div>\n<p><label> Tu nombre*<br \/>\n    <span class=\"wpcf7-form-control-wrap your-name\"><input type=\"text\" name=\"your-name\" value=\"\" size=\"40\" class=\"wpcf7-form-control wpcf7-text wpcf7-validates-as-required\" aria-required=\"true\" aria-invalid=\"false\" \/><\/span> <\/label><\/p>\n<p><label> Tu correo electr\u00f3nico*<br \/>\n    <span class=\"wpcf7-form-control-wrap your-email\"><input type=\"email\" name=\"your-email\" value=\"\" size=\"40\" class=\"wpcf7-form-control wpcf7-text wpcf7-email wpcf7-validates-as-required wpcf7-validates-as-email\" aria-required=\"true\" aria-invalid=\"false\" \/><\/span> <\/label><\/p>\n<p><label> Tu n\u00famero de tel\u00e9fono*<br \/>\n    <span class=\"wpcf7-form-control-wrap your-tel\"><input type=\"tel\" name=\"your-tel\" value=\"\" size=\"40\" class=\"wpcf7-form-control wpcf7-text wpcf7-tel wpcf7-validates-as-required wpcf7-validates-as-tel\" aria-required=\"true\" aria-invalid=\"false\" \/><\/span> <\/label><\/p>\n<p><label> Asunto<br \/>\n    <span class=\"wpcf7-form-control-wrap your-subject\"><input type=\"text\" name=\"your-subject\" value=\"\" size=\"40\" class=\"wpcf7-form-control wpcf7-text\" aria-invalid=\"false\" \/><\/span> <\/label><\/p>\n<p><label> Tu mensaje<br \/>\n    <span class=\"wpcf7-form-control-wrap your-message\"><textarea name=\"your-message\" cols=\"40\" rows=\"10\" class=\"wpcf7-form-control wpcf7-textarea\" aria-invalid=\"false\"><\/textarea><\/span> <\/label><\/p>\n<p><input type=\"submit\" value=\"Enviar\" class=\"wpcf7-form-control has-spinner wpcf7-submit\" \/><\/p>\n<div class=\"fusion-alert alert custom alert-custom fusion-alert-center wpcf7-response-output fusion-alert-capitalize alert-dismissable\" style=\"border-width:1px;\"><button type=\"button\" class=\"close toggle-alert\" data-dismiss=\"alert\" aria-hidden=\"true\">&times;<\/button><div class=\"fusion-alert-content-wrapper\"><span class=\"fusion-alert-content\"><\/span><\/div><\/div><\/form><\/div><div class=\"fusion-clearfix\"><\/div><\/div><\/div><div  class=\"fusion-layout-column fusion_builder_column fusion_builder_column_1_3 fusion-builder-column-75 fusion-one-third fusion-column-last 1_3\"  style='margin-top:15px;margin-bottom:15px;width:33.33%;width:calc(33.33% - ( ( 4% ) * 0.3333 ) );'><div class=\"fusion-column-wrapper\" style=\"padding: 0px 0px 0px 0px;background-position:left top;background-repeat:no-repeat;-webkit-background-size:cover;-moz-background-size:cover;-o-background-size:cover;background-size:cover;\"   data-bg-url=\"\"><div class=\"fusion-column-content-centered\"><div class=\"fusion-column-content\"><span class=\"fusion-imageframe imageframe-none imageframe-9 hover-type-none\"><img loading=\"lazy\" src=\"http:\/\/fruitsandveggies.es\/wp-content\/uploads\/2019\/10\/melon-verde.jpg\" width=\"291\" height=\"300\" alt=\"\" title=\"melon-verde\" class=\"img-responsive wp-image-1844\" srcset=\"http:\/\/fruitsandveggies.es\/wp-content\/uploads\/2019\/10\/melon-verde-200x206.jpg 200w, http:\/\/fruitsandveggies.es\/wp-content\/uploads\/2019\/10\/melon-verde-400x412.jpg 400w, http:\/\/fruitsandveggies.es\/wp-content\/uploads\/2019\/10\/melon-verde-600x618.jpg 600w, http:\/\/fruitsandveggies.es\/wp-content\/uploads\/2019\/10\/melon-verde.jpg 750w\" sizes=\"(max-width: 800px) 100vw, 600px\" \/><\/span><\/div><\/div><div class=\"fusion-clearfix\"><\/div><\/div><\/div><\/div><\/div><div class=\"fusion-fullwidth fullwidth-box fusion-builder-row-14 hundred-percent-fullwidth non-hundred-percent-height-scrolling\"  style='background-color: rgba(255,255,255,0);background-position: center center;background-repeat: no-repeat;padding-top:0px;padding-right:0px;padding-bottom:0px;padding-left:0px;'><div class=\"fusion-builder-row fusion-row \"><div  class=\"fusion-layout-column fusion_builder_column fusion_builder_column_2_5 fusion-builder-column-76 fusion-two-fifth fusion-column-first 2_5\"  style='margin-top:15px;margin-bottom:15px;width:40%;width:calc(40% - ( ( 4% + 4% ) * 0.4 ) );margin-right: 4%;'><div class=\"fusion-column-wrapper\" style=\"padding: 0px 0px 0px 0px;background-position:left top;background-repeat:no-repeat;-webkit-background-size:cover;-moz-background-size:cover;-o-background-size:cover;background-size:cover;\"   data-bg-url=\"\"><div class=\"fusion-clearfix\"><\/div><\/div><\/div><div  class=\"fusion-layout-column fusion_builder_column fusion_builder_column_1_5 fusion-builder-column-77 fusion-one-fifth 1_5\"  style='margin-top:15px;margin-bottom:15px;width:20%;width:calc(20% - ( ( 4% + 4% ) * 0.2 ) );margin-right: 4%;'><div class=\"fusion-column-wrapper\" style=\"padding: 20px 20px 20px 20px;background-position:left top;background-repeat:no-repeat;-webkit-background-size:cover;-moz-background-size:cover;-o-background-size:cover;background-size:cover;\"   data-bg-url=\"\"><div class=\"imageframe-align-center\"><span class=\"fusion-imageframe imageframe-none imageframe-10 hover-type-none\"><img loading=\"lazy\" src=\"http:\/\/fruitsandveggies.es\/wp-content\/uploads\/2019\/10\/57241_l1-300x300.jpg\" width=\"300\" height=\"300\" alt=\"\" title=\"57241_l1\" class=\"img-responsive wp-image-1948\" srcset=\"http:\/\/fruitsandveggies.es\/wp-content\/uploads\/2019\/10\/57241_l1-200x200.jpg 200w, http:\/\/fruitsandveggies.es\/wp-content\/uploads\/2019\/10\/57241_l1-400x400.jpg 400w, http:\/\/fruitsandveggies.es\/wp-content\/uploads\/2019\/10\/57241_l1-600x600.jpg 600w, http:\/\/fruitsandveggies.es\/wp-content\/uploads\/2019\/10\/57241_l1.jpg 640w\" sizes=\"(max-width: 800px) 100vw, 400px\" \/><\/span><\/div><div class=\"fusion-clearfix\"><\/div><\/div><\/div><div  class=\"fusion-layout-column fusion_builder_column fusion_builder_column_2_5 fusion-builder-column-78 fusion-two-fifth fusion-column-last 2_5\"  style='margin-top:15px;margin-bottom:15px;width:40%;width:calc(40% - ( ( 4% + 4% ) * 0.4 ) );'><div class=\"fusion-column-wrapper\" style=\"padding: 0px 0px 0px 0px;background-position:left top;background-repeat:no-repeat;-webkit-background-size:cover;-moz-background-size:cover;-o-background-size:cover;background-size:cover;\"   data-bg-url=\"\"><div class=\"fusion-clearfix\"><\/div><\/div><\/div><div  class=\"fusion-layout-column fusion_builder_column fusion_builder_column_1_1 fusion-builder-column-79 fusion-one-full fusion-column-first fusion-column-last 1_1\"  style='margin-top:0px;margin-bottom:15px;'><div class=\"fusion-column-wrapper\" style=\"padding: -50px -50px -50px -50px;background-position:left top;background-repeat:no-repeat;-webkit-background-size:cover;-moz-background-size:cover;-o-background-size:cover;background-size:cover;\"   data-bg-url=\"\"><div class=\"fusion-column-content-centered\"><div class=\"fusion-column-content\"><div class=\"imageframe-align-center\"><span class=\"fusion-imageframe imageframe-none imageframe-11 hover-type-none\"><img loading=\"lazy\" src=\"http:\/\/fruitsandveggies.es\/wp-content\/uploads\/2019\/10\/frutisveggies_logo2-300x71.png\" width=\"300\" height=\"71\" alt=\"\" title=\"frutis&#038;veggies_logo2\" class=\"img-responsive wp-image-1728\" srcset=\"http:\/\/fruitsandveggies.es\/wp-content\/uploads\/2019\/10\/frutisveggies_logo2-200x47.png 200w, http:\/\/fruitsandveggies.es\/wp-content\/uploads\/2019\/10\/frutisveggies_logo2-400x94.png 400w, http:\/\/fruitsandveggies.es\/wp-content\/uploads\/2019\/10\/frutisveggies_logo2-600x141.png 600w, http:\/\/fruitsandveggies.es\/wp-content\/uploads\/2019\/10\/frutisveggies_logo2-800x188.png 800w, http:\/\/fruitsandveggies.es\/wp-content\/uploads\/2019\/10\/frutisveggies_logo2-1200x282.png 1200w\" sizes=\"(max-width: 800px) 100vw, 300px\" \/><\/span><\/div><div class=\"fusion-text\"><h6 style=\"text-align: center;\">TCIDE Alimentaci\u00f3n S.L.<br \/>\n\u00bb www.fruitsandveggies.es &#8211; info@fruitsandveggies.es \u00ab<br \/>\n\u00bb 91 060 98 21 \u2013 629 631 502 \u00ab<\/h6>\n<\/div><\/div><\/div><div class=\"fusion-clearfix\"><\/div><\/div><\/div><\/div><\/div><\/p>\n","protected":false},"excerpt":{"rendered":"","protected":false},"author":1,"featured_media":0,"parent":0,"menu_order":0,"comment_status":"closed","ping_status":"closed","template":"100-width.php","meta":[],"_links":{"self":[{"href":"http:\/\/fruitsandveggies.es\/index.php?rest_route=\/wp\/v2\/pages\/1781"}],"collection":[{"href":"http:\/\/fruitsandveggies.es\/index.php?rest_route=\/wp\/v2\/pages"}],"about":[{"href":"http:\/\/fruitsandveggies.es\/index.php?rest_route=\/wp\/v2\/types\/page"}],"author":[{"embeddable":true,"href":"http:\/\/fruitsandveggies.es\/index.php?rest_route=\/wp\/v2\/users\/1"}],"replies":[{"embeddable":true,"href":"http:\/\/fruitsandveggies.es\/index.php?rest_route=%2Fwp%2Fv2%2Fcomments&post=1781"}],"version-history":[{"count":183,"href":"http:\/\/fruitsandveggies.es\/index.php?rest_route=\/wp\/v2\/pages\/1781\/revisions"}],"predecessor-version":[{"id":2052,"href":"http:\/\/fruitsandveggies.es\/index.php?rest_route=\/wp\/v2\/pages\/1781\/revisions\/2052"}],"wp:attachment":[{"href":"http:\/\/fruitsandveggies.es\/index.php?rest_route=%2Fwp%2Fv2%2Fmedia&parent=1781"}],"curies":[{"name":"wp","href":"https:\/\/api.w.org\/{rel}","templated":true}]}}